{"id":3,"date":"2023-03-22T10:26:29","date_gmt":"2023-03-22T09:26:29","guid":{"rendered":"http:\/\/emmaforme-happyculture.fr\/?page_id=3"},"modified":"2025-12-18T16:33:48","modified_gmt":"2025-12-18T15:33:48","slug":"politique-de-confidentialite","status":"publish","type":"page","link":"https:\/\/emmaforme-happyculture.fr\/index.php\/politique-de-confidentialite\/","title":{"rendered":"Conditions G\u00e9n\u00e9rales de Vente &#8211; Mentions l\u00e9gales &#8211; Politique de confidentialit\u00e9"},"content":{"rendered":"[et_pb_section fb_built=\u00a0\u00bb1&Prime; admin_label=\u00a0\u00bbsection\u00a0\u00bb _builder_version=\u00a0\u00bb4.16&Prime; global_colors_info=\u00a0\u00bb{}\u00a0\u00bb][et_pb_row admin_label=\u00a0\u00bbrow\u00a0\u00bb _builder_version=\u00a0\u00bb4.16&Prime; background_size=\u00a0\u00bbinitial\u00a0\u00bb background_position=\u00a0\u00bbtop_left\u00a0\u00bb background_repeat=\u00a0\u00bbrepeat\u00a0\u00bb global_colors_info=\u00a0\u00bb{}\u00a0\u00bb][et_pb_column type=\u00a0\u00bb4_4&Prime; _builder_version=\u00a0\u00bb4.16&Prime; custom_padding=\u00a0\u00bb|||\u00a0\u00bb global_colors_info=\u00a0\u00bb{}\u00a0\u00bb custom_padding__hover=\u00a0\u00bb|||\u00a0\u00bb][et_pb_text admin_label=\u00a0\u00bbText\u00a0\u00bb _builder_version=\u00a0\u00bb4.16&Prime; background_size=\u00a0\u00bbinitial\u00a0\u00bb background_position=\u00a0\u00bbtop_left\u00a0\u00bb background_repeat=\u00a0\u00bbrepeat\u00a0\u00bb global_colors_info=\u00a0\u00bb{}\u00a0\u00bb]<p><\/p>\n<div style=\"height: 30px;\" aria-hidden=\"true\" class=\"wp-block-spacer\"><\/div>\n<p><\/p>\n<p><\/p>\n<h1 class=\"wp-block-heading has-text-align-center has-text-color has-x-large-font-size\" style=\"color: #583a70;\">\u00a0&lsquo;entrepriseConditions G\u00e9n\u00e9rales de Vente<\/h1>\n<p><\/p>\n<p><\/p>\n<div style=\"height: 35px;\" aria-hidden=\"true\" class=\"wp-block-spacer\"><\/div>\n<p><\/p>\n<p><\/p>\n<h2 class=\"wp-block-heading has-text-color has-medium-font-size\" style=\"color: #583a70;\">G\u00e9n\u00e9ralit\u00e9s &#8211; Objet et champ d&rsquo;application :<\/h2>\n<p><\/p>\n<p><\/p>\n<p class=\"has-text-color\" style=\"color: #83429d;\">Les pr\u00e9sentes conditions de vente d\u00e9finissent les relations contractuelles entre Emmanuelle FRANCOIS EI &#8211; Emma\u2019Forme et Happy\u2019Culture repr\u00e9sent\u00e9e par Mme Emmanuelle FRANCOIS, sophrologue certifi\u00e9e par l\u2019\u00c9cole de Sophrologie Cayc\u00e9dienne de Lyon, et les clients ainsi que les conditions applicables \u00e0 toutes les prestations de sophrologie propos\u00e9es.<\/p>\n<p><\/p>\n<p><\/p>\n<p class=\"has-text-color\" style=\"color: #83429d;\">L\u2019acquisition d\u2019un service \u00e0 la personne n\u00e9cessite une acceptation sans r\u00e9serve par les clients des pr\u00e9sentes conditions de vente.<\/p>\n<p><\/p>\n<p><\/p>\n<p class=\"has-text-color\" style=\"color: #83429d;\">Ci-apr\u00e8s d\u00e9nomm\u00e9e : \u00abEmmanuelle FRANCOIS \u00bb \u00ab\u00a0la sophrologue\u00a0\u00bb ou \u00ab\u00a0le prestataire\u00a0\u00bb ; et le client.<\/p>\n<p><\/p>\n<p><\/p>\n<p><mark style=\"background-color: rgba(0, 0, 0, 0); color: #83429d;\" class=\"has-inline-color\">Les pr\u00e9sentes conditions g\u00e9n\u00e9rales de vente (CGV) constituent le socle de la n\u00e9gocia tion commerciale et sont syst\u00e9matiquement adress\u00e9es ou remises \u00e0 chaque acheteur pour lui permettre de passer commande.Les conditions g\u00e9n\u00e9rales de vente d\u00e9crites ci-apr\u00e8s d\u00e9taillent les droits et obligations de<em> <\/em>Emmanuelle FRANCOIS EI &#8211; Emma\u2019Forme et Happy\u2019Culture et de son client dans le cadre de la vente des prestations indiqu\u00e9es sur le site internet emmaforme-happycylture.fr, pour les particuliers et indiqu\u00e9es sur le devis pour les professionnels. Toute acceptation du devis (pour les prestations professionnelles : en entreprises, collectivit\u00e9s, associations, \u2026), ce compris la clause \u00ab Je reconnais avoir pris connaissance et j&rsquo;accepte les conditions g\u00e9n\u00e9rales de vente ci-annex\u00e9es \u00bb implique l&rsquo;adh\u00e9sion sans r\u00e9serve de l&rsquo;acheteur aux pr\u00e9sentes conditions g\u00e9n\u00e9rales de vente.<\/mark><\/p>\n<p><\/p>\n<p><\/p>\n<h3 class=\"wp-block-heading has-text-color has-medium-font-size\" style=\"color: #83429d;\"><strong>Avertissement<\/strong><strong>\u00a0<\/strong><strong>:<\/strong><\/h3>\n<p><\/p>\n<p><\/p>\n<p class=\"has-text-color\" style=\"color: #83429d;\">Les s\u00e9ances de sophrologie peuvent parfois faire ressortir des \u00e9motions assez fortes. Dans ce cas, vous pourrez contacter un th\u00e9rapeute ou rester en contact avec votre th\u00e9rapeute pour en d\u00e9briefer avec lui. La sophrologie est une boite \u00e0 outils en accompagnement sur un besoin et ne se substitue pas \u00e0 un suivi th\u00e9rapeutique et \/ou m\u00e9dical.<\/p>\n<p><\/p>\n<p><\/p>\n<p class=\"has-text-color\" style=\"color: #83429d;\">Les diff\u00e9rentes techniques propos\u00e9es et pratiqu\u00e9es n\u2019ont aucune vis\u00e9e m\u00e9dicale et ne sont assimilables ni aux actes r\u00e9serv\u00e9s aux professions de sant\u00e9 r\u00e9glement\u00e9es par le Code de la Sant\u00e9 Publique et au d\u00e9cret n\u00b096-879 du 8 octobre 1996. Elles sont consid\u00e9r\u00e9es comme compl\u00e9mentaires et ne se substituent en aucun cas au champ m\u00e9dical r\u00e9serv\u00e9 aux professions de Sant\u00e9.\u00a0Elles s\u2019inscrivent dans une d\u00e9marche compl\u00e9mentaire et personnelle de travail sur soi de toute personne qui consulte.<\/p>\n<p><\/p>\n<p><\/p>\n<p class=\"has-text-color\" style=\"color: #83429d;\">Les conseils,\u00a0recommandations et prestations de services propos\u00e9s\u00a0par Madame Emmanuelle FRANCOIS ne remplacent en aucun cas l\u2019avis d\u2019un m\u00e9decin. Avant d\u2019interrompre ou modifier tout traitement m\u00e9dical, le client doit se r\u00e9f\u00e9rer \u00e0 son m\u00e9decin traitant et \/ou au sp\u00e9cialiste m\u00e9dical qui le lui a prescrit. La sophrologie, quand bien m\u00eame celle-ci dispose de champs d\u2019interventions est consid\u00e9r\u00e9e comme une approche compl\u00e9mentaire et non alternative ou substitutive \u00e0 la m\u00e9decine traditionnelle.<\/p>\n<p><\/p>\n<p><\/p>\n<h2 class=\"wp-block-heading has-text-color has-medium-font-size\" style=\"color: #583a70;\">Prestations et Tarifs :<\/h2>\n<p><\/p>\n<p><\/p>\n<p class=\"has-text-color has-link-color wp-elements-62af4f97594156bd67bc43ca3e881022\" style=\"color: #83429d;\">Les prestations propos\u00e9es sont celles qui figurent sur le site <a href=\"https:\/\/emmaforme-happyculture.fr\">emmaforme-happyculture.fr<\/a> et la page <a href=\"https:\/\/emmaforme-happyculture.fr\/index.php\/landing-page\/\">https:\/\/emmaforme-happyculture.fr\/index.php\/landing-page\/<\/a><\/p>\n<p><\/p>\n<p><\/p>\n<h3 class=\"wp-block-heading has-text-color\" style=\"color: #83429d; font-size: 17px;\"><strong>Pour les particuliers\u00a0:<\/strong><\/h3>\n<p><\/p>\n<p><\/p>\n<p class=\"has-text-color has-link-color wp-elements-a7fd4ec683f6e0310d3aa5e7496a73dc\" style=\"color: #83429d;\">Les prestations propos\u00e9es sont celles qui figurent sur le site<a href=\"https:\/\/emmaforme-happyculture.fr\"> emmaforme-happyculture.fr <\/a>et la page <a href=\"https:\/\/emmaforme-happyculture.fr\/index.php\/landing-page\/\">https:\/\/emmaforme-happyculture.fr\/index.php\/landing-page\/<\/a><\/p>\n<p><\/p>\n<p><\/p>\n<p class=\"has-text-color has-link-color wp-elements-aa7e38c0636b8572966a3654b8f8c960\" style=\"color: #583a70;\"><mark style=\"background-color: rgba(0, 0, 0, 0); color: #83429d;\" class=\"has-inline-color\">Le site permet \u00e0 l\u2019utilisateur, notamment de rechercher des prestations aupr\u00e8s de Madame Emmanuelle FRANCOIS, dont la prise de rendez-vous peut \u00eatre faite soit peut \u00eatre faite via un lien zoom \u00e9galement transmis par Madame Emmanuelle FRANCOIS soit directement aupr\u00e8s de Madame Emmanuelle FRANCOIS par mail \u00e0 <mark style=\"background-color: rgba(0, 0, 0, 0); color: #83429d;\" class=\"has-inline-color\">emmaformehappyculture@gmail.com<\/mark> ou par t\u00e9l\u00e9phone au \u00a0: 06.82.65.00.00. Un rendez-vous pr\u00e9alable d\u2019information peut \u00eatre pris via le site internet ou via le lien<a href=\"https:\/\/calendly.com\/emmaformehappyculture\/rdv-15-min-gratuites\"> calendly<\/a>\u00a0 soit directement aupr\u00e8s de Madame Emmanuelle FRANCOIS par mail \u00e0 emmaformehappyculture@gmail.com ou par t\u00e9l\u00e9phone au \u00a0: 06.82.65.00.00.<\/mark><\/p>\n<p><\/p>\n<p><\/p>\n<p class=\"has-text-color\" style=\"color: #83429d;\">La sophrologue se r\u00e9serve toutefois le droit de refuser tout accompagnement qui n\u2019entrerait pas dans le champ de ses comp\u00e9tences dans le cadre des formations qu\u2019elle a re\u00e7ues et valid\u00e9es par ses certifications ou attestations de formation qu\u2019elle tient sur demande \u00e0 la disposition du client. En cas de refus d\u2019accompagner toute personne dans sa demande, elle proposera les coordonn\u00e9es d\u2019un confr\u00e8re plus \u00e0 m\u00eame de r\u00e9pondre \u00e0 sa demande sp\u00e9cifique. Il convient de rappeler que la sophrologue\u00a0prend tous les\u00a0moyens\u00a0propres \u00e0 permettre, dans le cadre de la demande exprim\u00e9e lors du premier rendez-vous, le d\u00e9veloppement personnel du client. La sophrologue n\u2019a pas d\u2019obligation de\u00a0r\u00e9sultat.<\/p>\n<p><\/p>\n<p><\/p>\n<p><mark style=\"background-color: rgba(0, 0, 0, 0); color: #83429d;\" class=\"has-inline-color\">Les diff\u00e9rentes techniques propos\u00e9es et pratiqu\u00e9es n\u2019ont aucune vis\u00e9e m\u00e9dicale et ne sont assimilables ni aux actes r\u00e9serv\u00e9s aux professions de sant\u00e9 r\u00e9glement\u00e9es par le Code de la Sant\u00e9 Publique et au d\u00e9cret n\u00b096-879 du 8 octobre 1996. Elles sont consid\u00e9r\u00e9es comme compl\u00e9mentaires et ne se substituent en aucun cas au champ m\u00e9dical r\u00e9serv\u00e9 aux professions de sant\u00e9.\u00a0Elles s\u2019inscrivent dans une d\u00e9marche compl\u00e9mentaire et personnelle de travail sur soi de toute personne qui consulte.<\/mark><\/p>\n<p><\/p>\n<p><\/p>\n<p class=\"has-text-color\" style=\"color: #83429d;\">Pour toute r\u00e9servation, le client en accepter le tarif, fournir nom, pr\u00e9nom, n\u00b0 de t\u00e9l\u00e9phone et son e-mail personnel ainsi qu\u2019adresse personnel pour la r\u00e9alisation de la facture.<\/p>\n<p><\/p>\n<p><\/p>\n<p><mark style=\"background-color: rgba(0, 0, 0, 0); color: #83429d;\" class=\"has-inline-color\">Les prix des prestations sont ceux en vigueur au jour de la r\u00e9servation. Ils sont libell\u00e9s en euros y compris TVA applicable au jour de la r\u00e9servation.<\/mark><\/p>\n<p><\/p>\n<p><\/p>\n<p><mark style=\"background-color: rgba(0, 0, 0, 0); color: #83429d;\" class=\"has-inline-color\">L\u2019entreprise Emmanuelle FRANCOIS EI &#8211; Emma\u2019Forme et Happy\u2019Culture s&rsquo;accorde le droit de modifier ses tarifs \u00e0 tout moment. Toutefois, elle s&rsquo;engage \u00e0 facturer les prestations command\u00e9es aux prix indiqu\u00e9s lors de la r\u00e9servation.<\/mark><\/p>\n<p><\/p>\n<p><\/p>\n<p><mark style=\"background-color: rgba(0, 0, 0, 0); color: #83429d;\" class=\"has-inline-color\">Les forfaits propos\u00e9s pour les ateliers de groupe sont valables 6 mois \u00e0 partir de la date de la premi\u00e8re s\u00e9ance et peuvent \u00eatre utilis\u00e9s en pr\u00e9sentiel et en visio. <\/mark><\/p>\n<p><\/p>\n<p><\/p>\n<h3 class=\"wp-block-heading has-text-color\" style=\"color: #83429d; font-size: 17px;\"><strong>Pour les entreprises, collectivit\u00e9s, associations, \u00e9tablissement de sant\u00e9, \u00e9tablissement scolaire, collectivit\u00e9s, \u2026 :<\/strong><\/h3>\n<p><\/p>\n<p><\/p>\n<p><mark style=\"background-color: rgba(0, 0, 0, 0); color: #83429d;\" class=\"has-inline-color\">Les prestations seront propos\u00e9es sur des th\u00e8mes en fonction des besoins avec le tarif des honoraires indiqu\u00e9s sur le devis.<\/mark><\/p>\n<p><\/p>\n<p><\/p>\n<p><mark style=\"background-color: rgba(0, 0, 0, 0); color: #83429d;\" class=\"has-inline-color\">Les prix des prestations sont ceux en vigueur au jour au jour du devis. Ils sont libell\u00e9s en euros et calcul\u00e9s hors taxes. Par voie de cons\u00e9quence, ils seront major\u00e9s du taux de TVA applicables au jour de l\u2019acceptation du devis.<\/mark><\/p>\n<p><\/p>\n<p><\/p>\n<p><mark style=\"background-color: rgba(0, 0, 0, 0); color: #83429d;\" class=\"has-inline-color\">L&rsquo;entreprise Emmanuelle FRANCOIS EI &#8211; Emma\u2019Forme et Happy\u2019Culture s&rsquo;accorde le droit de modifier ses tarifs \u00e0 tout moment. Toutefois, elle s&rsquo;engage \u00e0 facturer les prestations command\u00e9es aux prix indiqu\u00e9s \u00e0 la date du devis.<\/mark><\/p>\n<p><\/p>\n<p><\/p>\n<h2 class=\"wp-block-heading has-text-color has-medium-font-size\" style=\"color: #583a70;\">Modalit\u00e9s de paiement :<\/h2>\n<p><\/p>\n<p><\/p>\n<h3 class=\"wp-block-heading has-text-color\" style=\"color: #83429d; font-size: 17px;\"><strong>Pour les particuliers\u00a0:<\/strong><\/h3>\n<p><\/p>\n<p><\/p>\n<p class=\"has-text-color\" style=\"color: #83429d;\">Les modes de paiement accept\u00e9s sont : esp\u00e8ces, lien de paiement par carte bancaire via la plateforme Stripe, virement bancaire.<\/p>\n<p><\/p>\n<p><\/p>\n<p class=\"has-text-color\" style=\"color: #83429d;\">Les s\u00e9ances individuelles et ateliers de groupe sont \u00e0 r\u00e9gler le jour de la prestation, et lors du 1er atelier pour les forfaits des ateliers de groupe.<\/p>\n<p><\/p>\n<p><\/p>\n<p class=\"has-text-color\" style=\"color: #83429d;\">Les esp\u00e8ces et la carte bancaire sont privil\u00e9gi\u00e9es en pr\u00e9sentiel.<\/p>\n<p><\/p>\n<p><\/p>\n<p class=\"has-text-color\" style=\"color: #83429d;\">Les virements bancaires seront \u00e0 effectuer en instantan\u00e9 en amont et dans les 24h suivants la prise de rendez-vous en visio, de m\u00eame pour les paiements par carte bancaire effectu\u00e9s via le lien de paiement s\u00e9curis\u00e9 par carte bancaire sur le site STRIPE transmis par Madame Emmanuelle FRANCOIS.<\/p>\n<p><\/p>\n<p><\/p>\n<p class=\"has-text-color\" style=\"color: #83429d;\">Une facture acquitt\u00e9e de votre consultation du jour pourra \u00eatre demand\u00e9e \u00e0 la Sophrologue, qui vous l\u2019adressera par mail.<\/p>\n<p><\/p>\n<p><\/p>\n<h3 class=\"wp-block-heading has-text-color\" style=\"color: #83429d; font-size: 17px;\"><strong>Pour <strong>les entreprises, collectivit\u00e9s, associations, \u00e9tablissement de sant\u00e9, \u00e9tablissement scolaire, collectivit\u00e9s,<\/strong>\u00a0:<\/strong><\/h3>\n<p><\/p>\n<p><\/p>\n<p><em><mark style=\"background-color: rgba(0, 0, 0, 0); color: #83429d;\" class=\"has-inline-color\">Sur la base d\u2019un devis, transmis par mail avec les CGV, valable 2 mois \u00e0 la date d\u2019\u00e9mission, la commande de la (des) prestation(s) est prise en compte lors de la signature du devis et des CGV, avec la mention \u00ab bon pour accord \u00bb. La commande est \u00e0 renvoyer par mail \u00e0 Emmanuelle FRANCOIS EI- Emma\u2019Forme et Happy\u2019Culture \u00e0 l\u2019adresse suivante : <\/mark><\/em><a href=\"mailto:emmaformehappyculture@gmail.com\"><mark style=\"background-color: rgba(0, 0, 0, 0); color: #83429d;\" class=\"has-inline-color\">emmaformehappyculture@gmail.com<\/mark><\/a><\/p>\n<p><\/p>\n<p><\/p>\n<p><mark style=\"background-color: rgba(0, 0, 0, 0); color: #83429d;\" class=\"has-inline-color\">Toute commande pourra faire l\u2019objet du r\u00e8glement d&rsquo;un acompte de 30% du montant du devis \u00e0 la date de commande et le montant restant sera \u00e0\u00a0 payer 30 jours fin de mois \u00e0 partir de la date d\u2019\u00e9mission de la facture, facture \u00e9mise chaque fin de mois de prestations. Hors acompte, les factures seront \u00e9galement \u00e9mises chaque fin de mois de prestations pour un paiement \u00e0 30 jours fin de mois suivant.<\/mark> <mark style=\"background-color: rgba(0, 0, 0, 0); color: #83429d;\" class=\"has-inline-color\">Les paiements sont \u00e0 effectuer par virement bancaire sur le compte de l&rsquo;entreprise Emmanuelle FRANCOIS EI &#8211; Emma\u2019Forme et Happy\u2019Culture .<\/mark><\/p>\n<p><\/p>\n<p><\/p>\n<p class=\"has-text-color\" style=\"color: #83429d;\">Toute prestation fera l\u2019objet d\u2019une facture et sera transmise par voie \u00e9lectronique, via la soci\u00e9t\u00e9 de portage ou prestataire externe (si prestation par ce biais), soit par courriel soit via la plateforme chorus pro.<\/p>\n<p><\/p>\n<p><\/p>\n<h3 class=\"wp-block-heading has-text-color\" style=\"color: #83429d; font-size: 17px;\"><strong>En cas d\u2019impay\u00e9s\u00a0: <\/strong><\/h3>\n<p><\/p>\n<p><\/p>\n<p class=\"has-text-color\" style=\"color: #83429d;\">Application d\u2019une p\u00e9nalit\u00e9 forfaitaire de 40 \u20ac et d\u2019int\u00e9r\u00eats en fonction du taux d\u2019int\u00e9r\u00eat l\u00e9gal en vigueur \u00e0 la date d\u2019\u00e9mission de la facture, et mention indiqu\u00e9e sur la facture et selon les pr\u00e9cisions suivantes\u00a0:<\/p>\n<p><\/p>\n<p><\/p>\n<p><mark style=\"background-color: rgba(0, 0, 0, 0); color: #83429d;\" class=\"has-inline-color\">En cas de d\u00e9faut de paiement total ou partiel des prestations r\u00e9alis\u00e9es, le client doit verser \u00e0 l&rsquo;entreprise<em>\u00a0<\/em>Emmanuelle FRANCOIS EI &#8211; Emma\u2019Forme et Happy\u2019Culture une p\u00e9nalit\u00e9 de retard \u00e9gale \u00e0 trois fois le taux de l&rsquo;int\u00e9r\u00eat l\u00e9gal.<\/mark><\/p>\n<p><\/p>\n<p><\/p>\n<p><mark style=\"background-color: rgba(0, 0, 0, 0); color: #83429d;\" class=\"has-inline-color\">Le taux de l&rsquo;int\u00e9r\u00eat l\u00e9gal retenu est celui en vigueur au jour de la r\u00e9alisation de la prestation, le cas \u00e9ch\u00e9ant \u00e0 la date d\u2019\u00e9mission de la facture (acompte et solde).<\/mark><\/p>\n<p><\/p>\n<p><\/p>\n<p><mark style=\"background-color: rgba(0, 0, 0, 0); color: #83429d;\" class=\"has-inline-color\">A compter du 1er janvier 2015, le taux d&rsquo;int\u00e9r\u00eat l\u00e9gal sera r\u00e9vis\u00e9 tous les 6 mois (Ordonnance n\u00b02014-947 du 20 ao\u00fbt 2014).<\/mark><\/p>\n<p><\/p>\n<p><\/p>\n<p><mark style=\"background-color: rgba(0, 0, 0, 0); color: #83429d;\" class=\"has-inline-color\">Cette p\u00e9nalit\u00e9 est calcul\u00e9e sur le montant TTC de la somme restant due, et court \u00e0 compter de la date d&rsquo;\u00e9ch\u00e9ance du prix sans qu&rsquo;aucune mise en demeure pr\u00e9alable ne soit n\u00e9cessaire.<\/mark><\/p>\n<p><\/p>\n<p><\/p>\n<p><mark style=\"background-color: rgba(0, 0, 0, 0); color: #83429d;\" class=\"has-inline-color\">En sus des indemnit\u00e9s de retard, toute somme, y compris l\u2019acompte, non pay\u00e9e \u00e0 sa date d\u2019exigibilit\u00e9 produira de plein droit le paiement d\u2019une indemnit\u00e9 forfaitaire de 40 euros due au titre des frais de recouvrement.<\/mark><\/p>\n<p><\/p>\n<p><\/p>\n<p><mark style=\"background-color: rgba(0, 0, 0, 0); color: #83429d;\" class=\"has-inline-color\">Articles 441-10 et D. 441-5 du code de commerce.<\/mark><\/p>\n<p><\/p>\n<p><\/p>\n<h2 class=\"wp-block-heading has-text-color has-medium-font-size\" style=\"color: #583a70;\">Annulation ou modification d\u2019un rendez-vous :<\/h2>\n<p><\/p>\n<p><\/p>\n<h3 class=\"wp-block-heading has-text-color has-medium-font-size\" style=\"color: #83429d;\"><strong>A l\u2019initiative du client\u00a0: <\/strong><\/h3>\n<p><\/p>\n<p><\/p>\n<p class=\"has-text-color\" style=\"color: #83429d;\">En cas d\u2019impossibilit\u00e9 de se rendre au rendez-vous pris, la personne est invit\u00e9e \u00e0 annuler ou reporter le rendez-vous au plus tard 24 heures avant via le mail de confirmation et r\u00e9capitulatif du rendez-vous, l\u2019adresse mail emmaformeformehappyculture@gmail.com ou par t\u00e9l\u00e9phone au 06.82.65.00.00<strong>.<\/strong><\/p>\n<p><\/p>\n<p><\/p>\n<p class=\"has-text-color\" style=\"color: #83429d;\">Toute annulation moins de 24h avant la prestation sera factur\u00e9e. De m\u00eame toute absence \u00e0 un rendez-vous fix\u00e9 sans avoir pr\u00e9venu par avance la sophrologue, le RDV sera \u00e9galement consid\u00e9r\u00e9 comme d\u00fb.<\/p>\n<p><\/p>\n<p><\/p>\n<h3 class=\"wp-block-heading has-text-color has-medium-font-size\" style=\"color: #83429d;\"><strong>A l\u2019initiative du prestataire\u00a0:<\/strong><\/h3>\n<p><\/p>\n<p><\/p>\n<p class=\"has-text-color\" style=\"color: #83429d;\">En cas d\u2019absence impr\u00e9vue de ma part, la (les) s\u00e9ance(s) et atelier(s) seront report\u00e9es \u00e0 une date ult\u00e9rieure ou annul\u00e9e le cas \u00e9ch\u00e9ant.<\/p>\n<p><\/p>\n<p><\/p>\n<h3 class=\"wp-block-heading has-text-color has-medium-font-size\" style=\"color: #83429d;\"><strong>En cas de force majeure (ex\u00a0: COVID, intemp\u00e9ries majeures, \u2026)\u00a0: <\/strong><\/h3>\n<p><\/p>\n<p><\/p>\n<p class=\"has-text-color\" style=\"color: #83429d;\">les s\u00e9ances et ateliers seront r\u00e9alis\u00e9es uniquement en visio.<\/p>\n<p><\/p>\n<p><\/p>\n<p class=\"has-text-color\" style=\"color: #83429d;\">\u00c0 ce titre, la force majeure s&rsquo;entend de tout \u00e9v\u00e9nement ext\u00e9rieur, impr\u00e9visible et irr\u00e9sistible au sens de l&rsquo;article 1148 du Code civil.<\/p>\n<p><\/p>\n<p><\/p>\n<h2 class=\"wp-block-heading has-text-color has-medium-font-size\" style=\"color: #583a70;\">Code de d\u00e9ontologie :<\/h2>\n<p><\/p>\n<p><\/p>\n<p class=\"has-text-color\" style=\"color: #83429d;\">Respect du code de d\u00e9ontologie de la sophrologie cayc\u00e9dienne. consultable\u00a0sur le lien suivant\u00a0: <a href=\"https:\/\/www.sfscay.fr\/le-syndicat\/notre-code-de-deontologie\/\">https:\/\/www.sfscay.fr\/le-syndicat\/notre-code-de-deontologie\/<\/a><\/p>\n<p><\/p>\n<p><\/p>\n<h2 class=\"wp-block-heading has-text-color has-medium-font-size\" style=\"color: #583a70;\">Assurance :<\/h2>\n<p><\/p>\n<p><\/p>\n<p class=\"has-text-color\" style=\"color: #83429d;\">Titulaire d\u2019une assurance de responsabilit\u00e9 civile professionnelle.<\/p>\n<p><\/p>\n<p><\/p>\n<h2 class=\"wp-block-heading has-text-color has-medium-font-size\" style=\"color: #583a70;\">Protection des donn\u00e9es personnelles et RGPD :<\/h2>\n<p><\/p>\n<p><\/p>\n<p class=\"has-text-color\" style=\"color: #83429d;\">Les donn\u00e9es demand\u00e9es au client sont n\u00e9cessaires \u00e0 la mise en place des consultations, celles-ci sont destin\u00e9es \u00e0 un usage interne et le client dispose d\u2019un droit d\u2019action, de modification et d\u2019opposition tel que pr\u00e9vu par la loi n\u00b0 78-17 du 6 Janvier 1978. Pour toute demande, merci d\u2019adresser un mail \u00e0 l\u2019adresse suivante: <a href=\"mailto:emmaformehappyculture@gmail.com\">emmaformehappyculture@gmail.com<\/a><\/p>\n<p><\/p>\n<p><\/p>\n<h2 class=\"wp-block-heading has-text-color has-medium-font-size\" style=\"color: #583a70;\">Propri\u00e9t\u00e9 intellectuelle :<\/h2>\n<p><\/p>\n<p><\/p>\n<p class=\"has-text-color\" style=\"color: #83429d;\">Toutes les informations pr\u00e9sentes sur ce site sont et restent la propri\u00e9t\u00e9 exclusive de l&rsquo;entreprise Emmanuelle FRANCOIS EI &#8211; Emma\u2019Forme et Happy\u2019Culture , en cons\u00e9quence, toute reproduction partielle ou totale des diff\u00e9rents \u00e9l\u00e9ments de ce site sont interdit.<\/p>\n<p><\/p>\n<p><\/p>\n<h2 class=\"wp-block-heading has-text-color has-medium-font-size\" style=\"color: #583a70;\">M\u00e9diation :<\/h2>\n<p><\/p>\n<p><\/p>\n<p><mark style=\"background-color: rgba(0, 0, 0, 0); color: #83429d;\" class=\"has-inline-color\">Conform\u00e9ment aux articles L.616-1 et R.616-1 du code de la consommation, Madame FRANCOIS Emmanuelle repr\u00e9sentant l&rsquo;entreprise<em>\u00a0<\/em>Emmanuelle FRANCOIS EI &#8211; Emma\u2019Forme et Happy\u2019Culture a mis en place un dispositif de m\u00e9diation de la consommation. L&rsquo;entit\u00e9 de m\u00e9diation retenue est : SAS CNPM &#8211; M\u00c9DIATION &#8211; CONSOMMATION. En cas de litige, le consommateur pourra d\u00e9poser sa r\u00e9clamation sur le site : http:\/\/cnpm-mediation-consommation.eu<\/mark><\/p>\n<p><\/p>\n<p><\/p>\n<p><mark style=\"background-color: rgba(0, 0, 0, 0); color: #83429d;\" class=\"has-inline-color\">ou par voie postale en \u00e9crivant \u00e0<\/mark><\/p>\n<p>MEDIATION CONSOMMATION D\u00c9VELOPPEMENT\/MED CONSO DEV<br \/>Centre d\u2019Affaires St\u00e9phanois SAS\u00a0<br \/>IMMEUBLE L\u2019HORIZON \u2013 ESPLANADE DE FRANCE<br \/>3, RUE J. CONSTANT MILLERET \u2013 42000 SAINT-\u00c9TIENNE<\/p>\n<p><\/p>\n<p><\/p>\n<h2 class=\"wp-block-heading has-text-color has-medium-font-size\" style=\"color: #583a70;\">Tribunal comp\u00e9tent :<\/h2>\n<p><\/p>\n<p><\/p>\n<p><mark style=\"background-color: rgba(0, 0, 0, 0); color: #83429d;\" class=\"has-inline-color\">Tout litige relatif \u00e0 l&rsquo;interpr\u00e9tation et \u00e0 l&rsquo;ex\u00e9cution des pr\u00e9sentes conditions g\u00e9n\u00e9rales de vente est soumis au droit fran\u00e7ais.<\/mark><\/p>\n<p><\/p>\n<p><\/p>\n<p><mark style=\"background-color: rgba(0, 0, 0, 0); color: #83429d;\" class=\"has-inline-color\">\u00c0 d\u00e9faut de r\u00e9solution amiable et d\u2019une m\u00e9diation, le litige sera port\u00e9 devant le Tribunal de commerce de METZ\u00a0(57).<\/mark><\/p>\n<p><\/p>\n<p><\/p>\n<div style=\"height: 25px;\" aria-hidden=\"true\" class=\"wp-block-spacer\"><\/div>\n<p><\/p>\n<p><\/p>\n<hr class=\"wp-block-separator has-alpha-channel-opacity\" \/>\n<p><\/p>\n<p><\/p>\n<div style=\"height: 25px;\" aria-hidden=\"true\" class=\"wp-block-spacer\"><\/div>\n<p><\/p>\n<p><\/p>\n<h1 class=\"wp-block-heading has-text-align-center has-text-color has-x-large-font-size\" style=\"color: #583a70;\">Mentions l\u00e9gales<\/h1>\n<p><\/p>\n<p><\/p>\n<div style=\"height: 35px;\" aria-hidden=\"true\" class=\"wp-block-spacer\"><\/div>\n<p><\/p>\n<p><\/p>\n<p class=\"has-text-color\" style=\"color: #83429d;\">Les pr\u00e9sentes Conditions G\u00e9n\u00e9rales d\u2019Utilisation, soumises au droit fran\u00e7ais, ont vocation \u00e0 r\u00e9gir l\u2019utilisation du site https:\/\/www.emmaforme-happyculture.fr de tout contenu, fonctionnalit\u00e9 et service accessibles sur le site site https:\/\/www.emmaforme-happyculture.fr \u00e9dit\u00e9 par la soci\u00e9t\u00e9 l\u2019entreprise Emmanuelle FRANCOIS EI &#8211; Emma\u2019Forme et Happy\u2019Culture. Le cas \u00e9ch\u00e9ant certains services accessibles par le site peuvent \u00eatre soumis \u00e0 des conditions sp\u00e9cifiques additionnelles.<\/p>\n<p><\/p>\n<p><\/p>\n<p class=\"has-text-color\" style=\"color: #83429d;\">Toute utilisation du site sera r\u00e9put\u00e9e \u00eatre intervenue sur le territoire fran\u00e7ais.<\/p>\n<p><\/p>\n<p><\/p>\n<p class=\"has-text-color\" style=\"color: #83429d;\">L\u2019Entreprise Emmanuelle FRANCOIS EI &#8211; Emma\u2019Forme et Happy\u2019Culture est :<\/p>\n<p><\/p>\n<p><\/p>\n<p class=\"has-text-color\" style=\"color: #83429d;\"><em>Emmanuelle FRANCOIS EI &#8211;<\/em><em> Emma\u2019Forme et Happy\u2019Culture<\/em><br \/>Repr\u00e9sent\u00e9e par Mme Emmanuelle FRANCOIS, pr\u00e9sidente<\/p>\n<p><\/p>\n<p><\/p>\n<p class=\"has-text-color\" style=\"color: #83429d;\">Si\u00e8ge social :<br \/>9, rue des Quartiers<br \/>F-57630 MARSAL<\/p>\n<p><\/p>\n<p><\/p>\n<p class=\"has-text-color\" style=\"color: #83429d;\">T\u00e9l\u00e9phone : +33 6 82 65 00 00<br \/>Courriel : emmaformehappyclture@gmail.com<br \/>Site internet : https:\/\/www.emmaforme-happyculture.fr<\/p>\n<p><\/p>\n<p><\/p>\n<p class=\"has-text-color\" style=\"color: #83429d;\">SIRET : 823 286 646 000 26<br \/>APE \/ NAF : 9609Z<br \/>TVA intracommunautaire : sans objet<\/p>\n<p><\/p>\n<p><\/p>\n<h2 class=\"wp-block-heading has-text-color has-medium-font-size\" style=\"color: #583a70;\">\u00c9diteur du site<\/h2>\n<p><\/p>\n<p><\/p>\n<p class=\"has-text-color\" style=\"color: #83429d;\"><em>Emmanuelle FRANCOIS EI &#8211;<\/em><em> Emma\u2019Forme et Happy\u2019Culture<\/em><br \/>9, rue des Quartiers<br \/>57630 MARSAL<br \/>Mail : emmaformehappyculture@gmail.com<\/p>\n<p><\/p>\n<p><\/p>\n<h2 class=\"wp-block-heading has-text-color has-medium-font-size\" style=\"color: #583a70;\">Directrice de Publication<\/h2>\n<p><\/p>\n<p><\/p>\n<p class=\"has-text-color\" style=\"color: #83429d;\">Mme Emmanuelle FRANCOIS<br \/>emmaformehappyculture@gmail.com<\/p>\n<p><\/p>\n<p><\/p>\n<h2 class=\"wp-block-heading has-text-color has-medium-font-size\" style=\"color: #583a70;\">Cr\u00e9ation du site web :<\/h2>\n<p><\/p>\n<p><\/p>\n<p class=\"has-text-color\" style=\"color: #83429d;\">Mme Emmanuelle FRANCOIS<br \/>9, rue des Quartiers<br \/>57630 MARSAL<\/p>\n<p><\/p>\n<p><\/p>\n<h2 class=\"wp-block-heading has-text-color has-medium-font-size\" style=\"color: #583a70;\">H\u00e9bergeur du site<\/h2>\n<p><\/p>\n<p><\/p>\n<p class=\"has-text-color\" style=\"color: #83429d;\">OVH<br \/>SAS au capital de 10 174 560 \u20ac<br \/>RCS Lille M\u00e9tropole 424 761 419 00045<br \/>Code APE 2620Z<br \/>N\u00b0 TVA : FR 22 424 761 419<br \/>Si\u00e8ge social : 2 rue Kellermann &#8211; 59100 Roubaix &#8211; France<br \/>Pr\u00e9sident : Michel Paulin<br \/>OVH SAS est une filiale de la soci\u00e9t\u00e9 OVH Groupe SA, soci\u00e9t\u00e9 immatricul\u00e9e au RCS de Lille sous le num\u00e9ro 537 407 926 sise 2, rue Kellermann, 59100 Roubaix.<\/p>\n<p><\/p>\n<p><\/p>\n<h2 class=\"wp-block-heading has-text-color has-medium-font-size\" style=\"color: #583a70;\">Donn\u00e9es personnelles<\/h2>\n<p><\/p>\n<p><\/p>\n<p class=\"has-text-color\" style=\"color: #83429d;\">Conform\u00e9ment \u00e0 la loi n\u00b0 78-17 du 6 janvier 1978 relative \u00e0 l\u2019informatique, aux fichiers et aux libert\u00e9s, et compte tenu de la loi du 21 juin 2004, intitul\u00e9e loi pour la confiance dans l\u2019\u00e9conomie num\u00e9rique, vous disposez d\u2019un droit d\u2019acc\u00e8s, de rectification, de modification et de suppression des donn\u00e9es personnelles que vous nous avez communiqu\u00e9es. Pour ce faire, vous pouvez nous contacter \u00e0 l\u2019adresse mail : emmaformehappyculture@gmail.com<\/p>\n<p><\/p>\n<p><\/p>\n<h2 class=\"wp-block-heading has-text-color has-medium-font-size\" style=\"color: #583a70;\">Cookies<\/h2>\n<p><\/p>\n<p><\/p>\n<p class=\"has-text-color\" style=\"color: #83429d;\">L\u2019outil statistique de mesure de la fr\u00e9quentation du site est, de mani\u00e8re g\u00e9n\u00e9rale, bas\u00e9 sur la seule analyse des \u00ab logs \u00bb de connexions sur les serveurs de l\u2019entreprise Emmanuelle FRANCOIS EI &#8211; Emma\u2019Forme et Happy\u2019Culture Toutefois, certaines pages peuvent contenir un marqueur t\u00e9moin (\u00ab cookie \u00bb). Un cookie est un fichier de taille r\u00e9duite stock\u00e9 sur votre ordinateur, utilis\u00e9 \u00e0 la fois pour faciliter votre navigation sur le site ainsi que dans un but statistique. Ces donn\u00e9es sont principalement le nombre de pages vues, de visiteurs, de visites ainsi que l\u2019activit\u00e9 des visiteurs sur notre site et leur fr\u00e9quence de retour. Ces donn\u00e9es ne sont donc pas recueillies pour nous permettre d\u2019identifier l\u2019identit\u00e9 des personnes naviguant sur le site.<\/p>\n<p><\/p>\n<p><\/p>\n<p class=\"has-text-color\" style=\"color: #83429d;\">Vous \u00eates inform\u00e9 que vous pouvez vous opposer \u00e0 l\u2019enregistrement de ces \u00ab cookies \u00bb en configurant votre ordinateur selon les modalit\u00e9s d\u00e9taill\u00e9es sur le site de la CNIL : http:\/\/www.cnil.fr\/vos-droits\/vos-traces\/les-cookies\/<\/p>\n<p><\/p>\n<p><\/p>\n<h2 class=\"wp-block-heading has-text-color has-medium-font-size\" style=\"color: #583a70;\">Mise en garde<\/h2>\n<p><\/p>\n<p><\/p>\n<p class=\"has-text-color\" style=\"color: #83429d;\">Nous ne pouvons garantir \u00e0 100% la s\u00e9curit\u00e9 des donn\u00e9es transmises sur Internet. De plus, l\u2019entreprise Emmanuelle FRANCOIS EI &#8211; Emma\u2019Forme et Happy\u2019Culture ne saurait garantir l\u2019exactitude, la compl\u00e9tude et l\u2019actualit\u00e9 des informations diffus\u00e9es sur le site. Vous reconnaissez donc utiliser ces informations sous votre responsabilit\u00e9 exclusive. Nous mettons tout en \u0153uvre pour garantir des informations disponibles et v\u00e9rifi\u00e9es, mais ne serions \u00eatre tenus pour responsable des erreurs ou de la pr\u00e9sence de virus sur le site.<br \/>Vos obligations en tant qu\u2019utilisateur<\/p>\n<p><\/p>\n<p><\/p>\n<p class=\"has-text-color\" style=\"color: #83429d;\">Respect d\u2019autrui : En tant qu\u2019utilisateur du site, vous \u00eates tenus de respecter les l\u00e9gislations applicables, et notamment les dispositions de Loi n\u00b0 78-17 du 6 janvier 1978 relative \u00e0 l\u2019informatique, aux fichiers et aux libert\u00e9s, dont la violation est passible de sanctions p\u00e9nales. Vous devez notamment vous abstenir de toute collecte, de toute utilisation d\u00e9tourn\u00e9e, notamment des informations nominatives auxquelles vous acc\u00e9dez, et d\u2019une mani\u00e8re g\u00e9n\u00e9rale, de tout acte susceptible de porter atteinte \u00e0 la vie priv\u00e9e, \u00e0 l\u2019honneur, \u00e0 la sensibilit\u00e9, \u00e0 l\u2019image de marque, \u00e0 la notori\u00e9t\u00e9 de toute personne, physique ou morale, et notamment de l\u2019entreprise Emmanuelle FRANCOIS EI &#8211; Emma\u2019Forme et Happy\u2019Culture, en \u00e9vitant toute mention, tout message ou texte diffamant, provocant, malveillant, d\u00e9nigrant ou mena\u00e7ant, sur quelque support que ce soit.<\/p>\n<p><\/p>\n<p><\/p>\n<p class=\"has-text-color\" style=\"color: #83429d;\">Respect des droits de propri\u00e9t\u00e9 intellectuelle : Toute repr\u00e9sentation totale ou partielle de ce site par quelque proc\u00e9d\u00e9 que ce soit, sans l\u2019autorisation expresse de l\u2019entreprise Emmanuelle FRANCOIS EI &#8211; Emma\u2019Forme et Happy\u2019Culture est interdite et constituerait une contrefa\u00e7on sanctionn\u00e9e, notamment de fa\u00e7on p\u00e9nale, par les articles L. 335-2 et suivants du Code de la propri\u00e9t\u00e9 intellectuelle. De m\u00eame les marques et autres signes distinctifs tels que logos et symboles figurant sur le site sont la propri\u00e9t\u00e9 de l\u2019entreprise Emmanuelle FRANCOIS EI &#8211; Emma\u2019Forme et Happy\u2019Culture ou de ses partenaires et toute utilisation par des tiers non autoris\u00e9s en est strictement interdite.<\/p>\n<p><\/p>\n<p><\/p>\n<div style=\"height: 25px;\" aria-hidden=\"true\" class=\"wp-block-spacer\"><\/div>\n<p><\/p>\n<p><\/p>\n<hr class=\"wp-block-separator has-alpha-channel-opacity\" \/>\n<p><\/p>\n<p><\/p>\n<div style=\"height: 25px;\" aria-hidden=\"true\" class=\"wp-block-spacer\"><\/div>\n<p><\/p>\n<p><\/p>\n<h1 class=\"wp-block-heading has-text-align-center has-text-color has-x-large-font-size\" style=\"color: #583a70;\">Politique de confidentialit\u00e9<\/h1>\n<p><\/p>\n<p><\/p>\n<div style=\"height: 35px;\" aria-hidden=\"true\" class=\"wp-block-spacer\"><\/div>\n<p><\/p>\n<p><\/p>\n<h2 class=\"wp-block-heading has-text-color has-medium-font-size\" style=\"color: #583a70;\">Qui sommes-nous\u00a0?<\/h2>\n<p><\/p>\n<p><\/p>\n<p class=\"has-text-color\" style=\"color: #83429d;\">L\u2019adresse de notre site est\u00a0: http:\/\/www.emmaforme-happyculture.fr.<\/p>\n<p><\/p>\n<p><\/p>\n<h2 class=\"wp-block-heading has-text-color has-medium-font-size\" style=\"color: #583a70;\">Contenu embarqu\u00e9 depuis d\u2019autres sites<\/h2>\n<p><\/p>\n<p><\/p>\n<p class=\"has-text-color\" style=\"color: #83429d;\">Les articles de ce site peuvent inclure des contenus int\u00e9gr\u00e9s (par exemple des vid\u00e9os, images, articles\u2026). Le contenu int\u00e9gr\u00e9 depuis d\u2019autres sites se comporte de la m\u00eame mani\u00e8re que si le visiteur se rendait sur cet autre site.<\/p>\n<p><\/p>\n<p><\/p>\n<p class=\"has-text-color\" style=\"color: #83429d;\">Ces sites web pourraient collecter des donn\u00e9es sur vous, utiliser des cookies, embarquer des outils de suivis tiers, suivre vos interactions avec ces contenus embarqu\u00e9s si vous disposez d\u2019un compte connect\u00e9 sur leur site web.<\/p>\n<p><\/p>\n<p><\/p>\n<h2 class=\"wp-block-heading has-text-color has-medium-font-size\" style=\"color: #583a70;\">Protection des donn\u00e9es personnelles<\/h2>\n<p><\/p>\n<p><\/p>\n<p class=\"has-text-color\" style=\"color: #83429d;\">Afin de prodiguer la meilleure exp\u00e9rience possible, des contenus informatifs de qualit\u00e9, l\u2019acc\u00e8s \u00e0 des informations sp\u00e9cifiques tels que des ressources et tutoriaux, le visiteur du site peut \u00eatre amen\u00e9 \u00e0 renseigner des formulaires. Les informations recueillies font alors l\u2019objet d\u2019un traitement informatique rendu n\u00e9cessaire pour assurer le suivi commercial et marketing. Les destinataires des donn\u00e9es sont exclusivement les personnes travaillant pour l\u2019entreprise l\u2019entreprise Emmanuelle FRANCOIS EI &#8211; Emma\u2019Forme et Happy\u2019Culture.<\/p>\n<p><\/p>\n<p><\/p>\n<p class=\"has-text-color\" style=\"color: #83429d;\">Conform\u00e9ment \u00e0 la loi \u00ab informatique et libert\u00e9s \u00bb du 6 janvier 1978 modifi\u00e9e en 2004, vous b\u00e9n\u00e9ficiez d\u2019un droit d\u2019acc\u00e8s et de rectification aux informations qui vous concernent, que vous pouvez exercer en vous adressant \u00e0 notre service support, \u00e0 l\u2019adresse mail emmaformehappyculture@gmail.com. Vous pouvez \u00e9galement, pour des motifs l\u00e9gitimes, vous opposer au traitement des donn\u00e9es vous concernant.<\/p>\n<p><\/p>\n<p><\/p>\n<p class=\"has-text-color\" style=\"color: #83429d;\">Le R\u00e8glement G\u00e9n\u00e9ral de Protection des donn\u00e9es (RGPD) entrant en vigueur le 25 mai 2018, d\u00e9finit les principes \u00e0 respecter lors de la collecte, du traitement et de la conservation de donn\u00e9es personnelles. Ils garantit aussi les droits pour les personnes concern\u00e9es.<\/p>\n<p><\/p>\n<p><\/p>\n<p class=\"has-text-color\" style=\"color: #83429d;\">Notre site https:\/\/www.emmaforme-happyculture.fr peut proposer un formulaire afin de collecter les donn\u00e9es d\u2019un visiteur.<\/p>\n<p><\/p>\n<p><\/p>\n<h2 class=\"wp-block-heading has-text-color has-medium-font-size\" style=\"color: #583a70;\">Objectif<\/h2>\n<p><\/p>\n<p><\/p>\n<p class=\"has-text-color\" style=\"color: #83429d;\">Le recueil des donn\u00e9es sur notre site https:\/\/www.emmaforme-happyculture.fr a pour objectif de constituer un fichier de gestion des prospects et clients de notre soci\u00e9t\u00e9. Notre fichier est utilis\u00e9 pour contacter et proposer nos contenus aux personnes qui le d\u00e9sirent.<\/p>\n<p><\/p>\n<p><\/p>\n<p class=\"has-text-color\" style=\"color: #83429d;\">Notre formulaire a pour objectif une demande de contact.<\/p>\n<p><\/p>\n<p><\/p>\n<h2 class=\"wp-block-heading has-text-color has-medium-font-size\" style=\"color: #583a70;\">Pertinence des donn\u00e9es<\/h2>\n<p><\/p>\n<p><\/p>\n<p class=\"has-text-color\" style=\"color: #83429d;\">Afin de suivre au mieux l\u2019int\u00e9r\u00eat port\u00e9 par les prospects et clients de l\u2019entreprise Emmanuelle FRANCOIS EI &#8211; Emma\u2019Forme et Happy\u2019Culture, le fichier recueille toutes informations des visiteurs du site https:\/\/www.emmaforme-happyculture.fr relatives \u00e0 l\u2019identit\u00e9 sur le site https:\/\/www.emmaforme-happyculture.fr Conform\u00e9ment \u00e0 la loi informatique et libert\u00e9s, les informations relevant des origines raciales ou ethniques, des opinions politiques, philosophiques ou religieuses, de l\u2019appartenance syndicale, de la sant\u00e9 ou de la vie sexuelle d\u2019une personne ne sont pas collect\u00e9es et sont interdites (donn\u00e9es sensibles).<\/p>\n<p><\/p>\n<p><\/p>\n<h2 class=\"wp-block-heading has-text-color has-medium-font-size\" style=\"color: #583a70;\">Lic\u00e9it\u00e9 du traitement et conditions applicables au consentement (art.6 et art.7 du RGPD)<\/h2>\n<p><\/p>\n<p><\/p>\n<p class=\"has-text-color\" style=\"color: #83429d;\">Le consentement du traitement de donn\u00e9es \u00e0 caract\u00e8re personnelle d\u2019un visiteur est syst\u00e9matiquement obtenu pour une ou plusieurs finalit\u00e9s sp\u00e9cifique. Par exemple, lors de la saisie d\u2019un formulaire de contact l\u2019obtention de l\u2019adresse email du visiteur a pour but de lui adresser une notification lors de nouvelles publications ou de lui proposer des ressources susceptibles de l\u2019int\u00e9resser.<\/p>\n<p><\/p>\n<p><\/p>\n<h2 class=\"wp-block-heading has-text-color has-medium-font-size\" style=\"color: #583a70;\">Conservation des donn\u00e9es<\/h2>\n<p><\/p>\n<p><\/p>\n<p class=\"has-text-color\" style=\"color: #83429d;\">Les donn\u00e9es recueillies sur le site https:\/\/www.emmaforme-happyculture.fr sont conserv\u00e9es pour une dur\u00e9e maximale de 12 mois pour les contacts anonymes, apr\u00e8s la derni\u00e8re activit\u00e9 sur le site web par la personne. En revanche, pour les contacts identifi\u00e9s, les donn\u00e9es recueillies sur le site https:\/\/www.emmaforme-happyculture.fr sont conserv\u00e9es pour une dur\u00e9e maximale de 36 mois. \u00c0 l\u2019issue de ces p\u00e9riodes, toutes les donn\u00e9es relatives \u00e0 la personne sont automatiquement supprim\u00e9es.<\/p>\n<p><\/p>\n<p><\/p>\n<h2 class=\"wp-block-heading has-text-color has-medium-font-size\" style=\"color: #583a70;\">Droits des personnes (art.16 \u00e0 20 du RGPD)<\/h2>\n<p><\/p>\n<p><\/p>\n<p class=\"has-text-color\" style=\"color: #83429d;\">Conform\u00e9ment \u00e0 la loi informatique et libert\u00e9s et au RGPD, toutes personnes peut exercer son droit d\u2019acc\u00e8s, de rectification, d\u2019opposition, \u00e0 la limitation des traitements, \u00e0 la suppression et la portabilit\u00e9 des donn\u00e9es le concernant en faisant la demande par courrier sign\u00e9 et accompagn\u00e9 de la copie d\u2019un titre d\u2019identit\u00e9 \u00e0 l\u2019adresse du si\u00e8ge social de l\u2019entreprise Emmanuelle FRANCOIS EI &#8211; Emma\u2019Forme et Happy\u2019Culture<\/p>\n<p><\/p>\n<p><\/p>\n<p class=\"has-text-color\" style=\"color: #83429d;\">Le responsable du fichier, Madame Emmanuelle FRANCOIS, effectuera une r\u00e9ponse au plus tard dans le mois suivant la demande d\u2019acc\u00e8s ou de rectification.<\/p>\n<p><\/p>\n<p><\/p>\n<h2 class=\"wp-block-heading has-text-color has-medium-font-size\" style=\"color: #583a70;\">S\u00e9curit\u00e9 des donn\u00e9es et traitements (art.32 du RGPD)<\/h2>\n<p><\/p>\n<p><\/p>\n<p class=\"has-text-color\" style=\"color: #83429d;\">Les donn\u00e9es recueillies sur le site https:\/\/www.emmaforme-happyculture.fr sont h\u00e9berg\u00e9es par la soci\u00e9t\u00e9 WordPress. Seules les personnes li\u00e9es au service technique, marketing et commercial de l\u2019entreprise Emmanuelle FRANCOIS EI &#8211; Emma\u2019Forme et Happy\u2019Culture ont acc\u00e8s aux informations recueillies sur le site https:\/\/www.emmaforme-happyculture.fr, via un identifiant personnel et unique \u00e0 la plateforme WordPress.<\/p>\n<p><\/p>\n<p><\/p>\n<h2 class=\"wp-block-heading has-text-color has-medium-font-size\" style=\"color: #583a70;\">Atteinte aux donn\u00e9es et communication sous 72h (art.33 et art.34 du RGPD)<\/h2>\n<p><\/p>\n<p><\/p>\n<p class=\"has-text-color\" style=\"color: #83429d;\">En cas de violation ou suspicion de violation de donn\u00e9es \u00e0 caract\u00e8res personnels, l\u2019entreprise Emmanuelle FRANCOIS EI &#8211; Emma\u2019Forme et Happy\u2019Culture et ses sous-traitants notifieront la CNIL, 72h au plus tard, apr\u00e8s en avoir pris connaissance.<\/p>\n<p><\/p>[\/et_pb_text][\/et_pb_column][\/et_pb_row][\/et_pb_section]","protected":false},"excerpt":{"rendered":"<p>\u00a0&lsquo;entrepriseConditions G\u00e9n\u00e9rales de Vente G\u00e9n\u00e9ralit\u00e9s &#8211; Objet et champ d&rsquo;application : Les pr\u00e9sentes conditions de vente d\u00e9finissent les relations contractuelles entre Emmanuelle FRANCOIS EI &#8211; Emma\u2019Forme et Happy\u2019Culture repr\u00e9sent\u00e9e par Mme Emmanuelle FRANCOIS, sophrologue certifi\u00e9e par l\u2019\u00c9cole de Sophrologie Cayc\u00e9dienne de Lyon, et les clients ainsi que les conditions applicables \u00e0 toutes les prestations de [&hellip;]<\/p>\n","protected":false},"author":1,"featured_media":0,"parent":0,"menu_order":0,"comment_status":"closed","ping_status":"open","template":"","meta":{"_et_pb_use_builder":"on","_et_pb_old_content":"<!-- wp:spacer {\"height\":\"30px\"} -->\n<div style=\"height:30px\" aria-hidden=\"true\" class=\"wp-block-spacer\"><\/div>\n<!-- \/wp:spacer -->\n\n<!-- wp:heading {\"textAlign\":\"center\",\"level\":1,\"style\":{\"color\":{\"text\":\"#583a70\"}},\"fontSize\":\"x-large\"} -->\n<h1 class=\"wp-block-heading has-text-align-center has-text-color has-x-large-font-size\" style=\"color:#583a70\">Conditions G\u00e9n\u00e9rales de Vente<\/h1>\n<!-- \/wp:heading -->\n\n<!-- wp:spacer {\"height\":\"35px\"} -->\n<div style=\"height:35px\" aria-hidden=\"true\" class=\"wp-block-spacer\"><\/div>\n<!-- \/wp:spacer -->\n\n<!-- wp:heading {\"style\":{\"color\":{\"text\":\"#583a70\"}},\"fontSize\":\"medium\"} -->\n<h2 class=\"wp-block-heading has-text-color has-medium-font-size\" style=\"color:#583a70\">G\u00e9n\u00e9ralit\u00e9s - Objet et champ d'application :<\/h2>\n<!-- \/wp:heading -->\n\n<!-- wp:paragraph {\"style\":{\"color\":{\"text\":\"#83429d\"}}} -->\n<p class=\"has-text-color\" style=\"color:#83429d\">Les pr\u00e9sentes conditions de vente d\u00e9finissent les relations contractuelles entre la SASU Emma\u2019Forme et Happy\u2019Culture repr\u00e9sent\u00e9e par Mme Emmanuelle FRANCOIS, sophrologue certifi\u00e9e par l\u2019\u00c9cole de Sophrologie Cayc\u00e9dienne de Lyon, et les clients ainsi que les conditions applicables \u00e0 toutes les prestations de sophrologie propos\u00e9es.<\/p>\n<!-- \/wp:paragraph -->\n\n<!-- wp:paragraph {\"style\":{\"color\":{\"text\":\"#83429d\"}}} -->\n<p class=\"has-text-color\" style=\"color:#83429d\">L\u2019acquisition d\u2019un service \u00e0 la personne n\u00e9cessite une acceptation sans r\u00e9serve par les clients des pr\u00e9sentes conditions de vente.<\/p>\n<!-- \/wp:paragraph -->\n\n<!-- wp:paragraph {\"style\":{\"color\":{\"text\":\"#83429d\"}}} -->\n<p class=\"has-text-color\" style=\"color:#83429d\">Ci-apr\u00e8s d\u00e9nomm\u00e9e : \u00abEmmanuelle FRANCOIS \u00bb \u00ab&nbsp;la sophrologue&nbsp;\u00bb ou \u00ab&nbsp;le prestataire&nbsp;\u00bb ; et le client.<\/p>\n<!-- \/wp:paragraph -->\n\n<!-- wp:paragraph -->\n<p><mark style=\"background-color:rgba(0, 0, 0, 0);color:#83429d\" class=\"has-inline-color\">Les pr\u00e9sentes conditions g\u00e9n\u00e9rales de vente (CGV) constituent le socle de la n\u00e9gocia tion commerciale et sont syst\u00e9matiquement adress\u00e9es ou remises \u00e0 chaque acheteur pour lui permettre de passer commande.Les conditions g\u00e9n\u00e9rales de vente d\u00e9crites ci-apr\u00e8s d\u00e9taillent les droits et obligations de la SASU Emma\u2019Forme et Happy\u2019Culture et de son client dans le cadre de la vente des prestations indiqu\u00e9es sur le site internet emmaforme-happycylture.fr,  disponibles sur resalib pour les particuliers et indiqu\u00e9es sur le devis pour les professionnels. Toute acceptation du devis (pour les prestations professionnelles :  en entreprises, collectivit\u00e9s, associations, \u2026), ce compris la clause \u00ab Je reconnais avoir pris connaissance et j'accepte les conditions g\u00e9n\u00e9rales de vente ci-annex\u00e9es \u00bb implique l'adh\u00e9sion sans r\u00e9serve de l'acheteur aux pr\u00e9sentes conditions g\u00e9n\u00e9rales de vente.<\/mark><\/p>\n<!-- \/wp:paragraph -->\n\n<!-- wp:heading {\"level\":3,\"style\":{\"color\":{\"text\":\"#83429d\"}},\"fontSize\":\"medium\"} -->\n<h3 class=\"wp-block-heading has-text-color has-medium-font-size\" style=\"color:#83429d\"><strong>Avertissement<\/strong><strong>&nbsp;<\/strong><strong>:<\/strong><\/h3>\n<!-- \/wp:heading -->\n\n<!-- wp:paragraph {\"style\":{\"color\":{\"text\":\"#83429d\"}}} -->\n<p class=\"has-text-color\" style=\"color:#83429d\">Les s\u00e9ances de sophrologie peuvent parfois faire ressortir des \u00e9motions assez fortes. Dans ce cas, vous pourrez contacter un th\u00e9rapeute ou rester en contact avec votre th\u00e9rapeute pour en d\u00e9briefer avec lui. La sophrologie est une boite \u00e0 outils en accompagnement sur un besoin et ne se substitue pas \u00e0 un suivi th\u00e9rapeutique et \/ou m\u00e9dical.<\/p>\n<!-- \/wp:paragraph -->\n\n<!-- wp:paragraph {\"style\":{\"color\":{\"text\":\"#83429d\"}}} -->\n<p class=\"has-text-color\" style=\"color:#83429d\">Les diff\u00e9rentes techniques propos\u00e9es et pratiqu\u00e9es n\u2019ont aucune vis\u00e9e m\u00e9dicale et ne sont assimilables ni aux actes r\u00e9serv\u00e9s aux professions de sant\u00e9 r\u00e9glement\u00e9es par le Code de la Sant\u00e9 Publique et au d\u00e9cret n\u00b096-879 du 8 octobre 1996. Elles sont consid\u00e9r\u00e9es comme compl\u00e9mentaires et ne se substituent en aucun cas au champ m\u00e9dical r\u00e9serv\u00e9 aux professions de Sant\u00e9.&nbsp;Elles s\u2019inscrivent dans une d\u00e9marche compl\u00e9mentaire et personnelle de travail sur soi de toute personne qui consulte.<\/p>\n<!-- \/wp:paragraph -->\n\n<!-- wp:paragraph {\"style\":{\"color\":{\"text\":\"#83429d\"}}} -->\n<p class=\"has-text-color\" style=\"color:#83429d\">Les conseils,&nbsp;recommandations et prestations de services propos\u00e9s&nbsp;par Madame Emmanuelle FRANCOIS ne remplacent en aucun cas l\u2019avis d\u2019un m\u00e9decin. Avant d\u2019interrompre ou modifier tout traitement m\u00e9dical, le client doit se r\u00e9f\u00e9rer \u00e0 son m\u00e9decin traitant et \/ou au sp\u00e9cialiste m\u00e9dical qui le lui a prescrit. La sophrologie, quand bien m\u00eame celle-ci dispose de champs d\u2019interventions est consid\u00e9r\u00e9e comme une approche compl\u00e9mentaire et non alternative ou substitutive \u00e0 la m\u00e9decine traditionnelle.<\/p>\n<!-- \/wp:paragraph -->\n\n<!-- wp:heading {\"style\":{\"color\":{\"text\":\"#583a70\"}},\"fontSize\":\"medium\"} -->\n<h2 class=\"wp-block-heading has-text-color has-medium-font-size\" style=\"color:#583a70\">Prestations et Tarifs :<\/h2>\n<!-- \/wp:heading -->\n\n<!-- wp:paragraph {\"style\":{\"color\":{\"text\":\"#83429d\"},\"elements\":{\"link\":{\"color\":{\"text\":\"#83429d\"}}}}} -->\n<p class=\"has-text-color has-link-color\" style=\"color:#83429d\">Les prestations propos\u00e9es sont celles qui figurent sur le site <a href=\"http:\/\/emmaforme-happyculture.fr\">emmaforme-happyculture.fr<\/a> et la page <a href=\"https:\/\/emmaforme-happyculture.fr\/index.php\/landing-page\/\">https:\/\/emmaforme-happyculture.fr\/index.php\/landing-page\/<\/a><\/p>\n<!-- \/wp:paragraph -->\n\n<!-- wp:heading {\"level\":3,\"style\":{\"color\":{\"text\":\"#83429d\"},\"typography\":{\"fontSize\":\"17px\"}}} -->\n<h3 class=\"wp-block-heading has-text-color\" style=\"color:#83429d;font-size:17px\"><strong>Pour les particuliers&nbsp;:<\/strong><\/h3>\n<!-- \/wp:heading -->\n\n<!-- wp:paragraph {\"style\":{\"color\":{\"text\":\"#83429d\"},\"elements\":{\"link\":{\"color\":{\"text\":\"#83429d\"}}}}} -->\n<p class=\"has-text-color has-link-color\" style=\"color:#83429d\">Les prestations propos\u00e9es sont celles qui figurent sur le site<a href=\"http:\/\/emmaforme-happyculture.fr\"> emmaforme-happyculture.fr <\/a>et la page <a href=\"https:\/\/emmaforme-happyculture.fr\/index.php\/landing-page\/\">https:\/\/emmaforme-happyculture.fr\/index.php\/landing-page\/<\/a><\/p>\n<!-- \/wp:paragraph -->\n\n<!-- wp:paragraph {\"style\":{\"color\":{\"text\":\"#583a70\"},\"elements\":{\"link\":{\"color\":{\"text\":\"#583a70\"}}}}} -->\n<p class=\"has-text-color has-link-color\" style=\"color:#583a70\"><mark style=\"background-color:rgba(0, 0, 0, 0);color:#83429d\" class=\"has-inline-color\">Le site permet \u00e0 l\u2019utilisateur, notamment de rechercher des prestations aupr\u00e8s de Madame Emmanuelle FRANCOIS, dont la prise de rendez-vous peut \u00eatre faite soit peut \u00eatre faite via un lien zoom \u00e9galement transmis par Madame Emmanuelle FRANCOIS soit directement aupr\u00e8s de Madame Emmanuelle FRANCOIS par mail \u00e0 <mark style=\"background-color:rgba(0, 0, 0, 0);color:#83429d\" class=\"has-inline-color\">emmaformehappyculture@gmail.com<\/mark> ou par t\u00e9l\u00e9phone au &nbsp;: 06.82.65.00.00. Un rendez-vous pr\u00e9alable d\u2019information peut \u00eatre pris via le site internet ou via le lien<a href=\"https:\/\/calendly.com\/emmaformehappyculture\/rdv-15-min-gratuites\"> calendly<\/a>&nbsp; soit directement aupr\u00e8s de Madame Emmanuelle FRANCOIS par mail \u00e0 emmaformehappyculture@gmail.com ou par t\u00e9l\u00e9phone au &nbsp;: 06.82.65.00.00.<\/mark><\/p>\n<!-- \/wp:paragraph -->\n\n<!-- wp:paragraph {\"style\":{\"color\":{\"text\":\"#83429d\"}}} -->\n<p class=\"has-text-color\" style=\"color:#83429d\">La sophrologue se r\u00e9serve toutefois le droit de refuser tout accompagnement qui n\u2019entrerait pas dans le champ de ses comp\u00e9tences dans le cadre des formations qu\u2019elle a re\u00e7ues et valid\u00e9es par ses certifications ou attestations de formation qu\u2019elle tient sur demande \u00e0 la disposition du client. En cas de refus d\u2019accompagner toute personne dans sa demande, elle proposera les coordonn\u00e9es d\u2019un confr\u00e8re plus \u00e0 m\u00eame de r\u00e9pondre \u00e0 sa demande sp\u00e9cifique. Il convient de rappeler que la sophrologue&nbsp;prend tous les&nbsp;moyens&nbsp;propres \u00e0 permettre, dans le cadre de la demande exprim\u00e9e lors du premier rendez-vous, le d\u00e9veloppement personnel du client. La sophrologue n\u2019a pas d\u2019obligation de&nbsp;r\u00e9sultat.<\/p>\n<!-- \/wp:paragraph -->\n\n<!-- wp:paragraph -->\n<p><mark style=\"background-color:rgba(0, 0, 0, 0);color:#83429d\" class=\"has-inline-color\">Les diff\u00e9rentes techniques propos\u00e9es et pratiqu\u00e9es n\u2019ont aucune vis\u00e9e m\u00e9dicale et ne sont assimilables ni aux actes r\u00e9serv\u00e9s aux professions de sant\u00e9 r\u00e9glement\u00e9es par le Code de la Sant\u00e9 Publique et au d\u00e9cret n\u00b096-879 du 8 octobre 1996. Elles sont consid\u00e9r\u00e9es comme compl\u00e9mentaires et ne se substituent en aucun cas au champ m\u00e9dical r\u00e9serv\u00e9 aux professions de sant\u00e9.&nbsp;Elles s\u2019inscrivent dans une d\u00e9marche compl\u00e9mentaire et personnelle de travail sur soi de toute personne qui consulte.<\/mark><\/p>\n<!-- \/wp:paragraph -->\n\n<!-- wp:paragraph {\"style\":{\"color\":{\"text\":\"#83429d\"}}} -->\n<p class=\"has-text-color\" style=\"color:#83429d\">Pour toute r\u00e9servation, le client en accepter le tarif, fournir nom, pr\u00e9nom, n\u00b0 de t\u00e9l\u00e9phone et son e-mail personnel ainsi qu\u2019adresse personnel pour la r\u00e9alisation de la facture.<\/p>\n<!-- \/wp:paragraph -->\n\n<!-- wp:paragraph -->\n<p><mark style=\"background-color:rgba(0, 0, 0, 0);color:#83429d\" class=\"has-inline-color\">Les prix des prestations sont ceux en vigueur au jour de la r\u00e9servation. Ils sont libell\u00e9s en euros y compris TVA applicable au jour de la r\u00e9servation.<\/mark><\/p>\n<!-- \/wp:paragraph -->\n\n<!-- wp:paragraph -->\n<p><mark style=\"background-color:rgba(0, 0, 0, 0);color:#83429d\" class=\"has-inline-color\">La soci\u00e9t\u00e9 SASU Emma\u2019Forme et Happy\u2019Culture s'accorde le droit de modifier ses tarifs \u00e0 tout moment. Toutefois, elle s'engage \u00e0 facturer les prestations command\u00e9es aux prix indiqu\u00e9s lors de la r\u00e9servation.<\/mark><\/p>\n<!-- \/wp:paragraph -->\n\n<!-- wp:paragraph -->\n<p><mark style=\"background-color:rgba(0, 0, 0, 0);color:#83429d\" class=\"has-inline-color\">Les forfaits propos\u00e9s pour les ateliers de groupe sont valables 6 mois \u00e0 partir de la date de la premi\u00e8re s\u00e9ance et peuvent \u00eatre utilis\u00e9s en pr\u00e9sentiel et en visio. <\/mark><\/p>\n<!-- \/wp:paragraph -->\n\n<!-- wp:heading {\"level\":3,\"style\":{\"color\":{\"text\":\"#83429d\"},\"typography\":{\"fontSize\":\"17px\"}}} -->\n<h3 class=\"wp-block-heading has-text-color\" style=\"color:#83429d;font-size:17px\"><strong>Pour les entreprises, collectivit\u00e9s, associations, \u00e9tablissement de sant\u00e9, \u00e9tablissement scolaire, collectivit\u00e9s, \u2026 :<\/strong><\/h3>\n<!-- \/wp:heading -->\n\n<!-- wp:paragraph -->\n<p><mark style=\"background-color:rgba(0, 0, 0, 0);color:#83429d\" class=\"has-inline-color\">Les prestations seront propos\u00e9es sur des th\u00e8mes en fonction des besoins avec le tarif des honoraires indiqu\u00e9s sur le devis.<\/mark><\/p>\n<!-- \/wp:paragraph -->\n\n<!-- wp:paragraph -->\n<p><mark style=\"background-color:rgba(0, 0, 0, 0);color:#83429d\" class=\"has-inline-color\">Les prix des prestations sont ceux en vigueur au jour au jour du devis. Ils sont libell\u00e9s en euros et calcul\u00e9s hors taxes. Par voie de cons\u00e9quence, ils seront major\u00e9s du taux de TVA applicables au jour de l\u2019acceptation du devis.<\/mark><\/p>\n<!-- \/wp:paragraph -->\n\n<!-- wp:paragraph -->\n<p><mark style=\"background-color:rgba(0, 0, 0, 0);color:#83429d\" class=\"has-inline-color\">La soci\u00e9t\u00e9 SASU Emma\u2019Forme et Happy\u2019Culture s'accorde le droit de modifier ses tarifs \u00e0 tout moment. Toutefois, elle s'engage \u00e0 facturer les prestations command\u00e9es aux prix indiqu\u00e9s \u00e0 la date du devis.<\/mark><\/p>\n<!-- \/wp:paragraph -->\n\n<!-- wp:heading {\"style\":{\"color\":{\"text\":\"#583a70\"}},\"fontSize\":\"medium\"} -->\n<h2 class=\"wp-block-heading has-text-color has-medium-font-size\" style=\"color:#583a70\">Modalit\u00e9s de paiement :<\/h2>\n<!-- \/wp:heading -->\n\n<!-- wp:heading {\"level\":3,\"style\":{\"color\":{\"text\":\"#83429d\"},\"typography\":{\"fontSize\":\"17px\"}}} -->\n<h3 class=\"wp-block-heading has-text-color\" style=\"color:#83429d;font-size:17px\"><strong>Pour les particuliers&nbsp;:<\/strong><\/h3>\n<!-- \/wp:heading -->\n\n<!-- wp:paragraph {\"style\":{\"color\":{\"text\":\"#83429d\"}}} -->\n<p class=\"has-text-color\" style=\"color:#83429d\">Les modes de paiement accept\u00e9s sont : esp\u00e8ces, lien de paiement par carte bancaire via la plateforme Stripe, virement bancaire.<\/p>\n<!-- \/wp:paragraph -->\n\n<!-- wp:paragraph {\"style\":{\"color\":{\"text\":\"#83429d\"}}} -->\n<p class=\"has-text-color\" style=\"color:#83429d\">Les s\u00e9ances individuelles et ateliers de groupe sont \u00e0 r\u00e9gler le jour de la prestation, et lors du 1er atelier pour les forfaits des ateliers de groupe.<\/p>\n<!-- \/wp:paragraph -->\n\n<!-- wp:paragraph {\"style\":{\"color\":{\"text\":\"#83429d\"}}} -->\n<p class=\"has-text-color\" style=\"color:#83429d\">Les esp\u00e8ces et la carte bancaire sont privil\u00e9gi\u00e9es en pr\u00e9sentiel.<\/p>\n<!-- \/wp:paragraph -->\n\n<!-- wp:paragraph {\"style\":{\"color\":{\"text\":\"#83429d\"}}} -->\n<p class=\"has-text-color\" style=\"color:#83429d\">Les virements bancaires seront \u00e0 effectuer en instantan\u00e9 en amont et dans les 24h suivants la prise de rendez-vous en visio, de m\u00eame pour les paiements par carte bancaire effectu\u00e9s via le lien de paiement s\u00e9curis\u00e9 par carte bancaire sur le site STRIPE transmis par Madame Emmanuelle FRANCOIS.<\/p>\n<!-- \/wp:paragraph -->\n\n<!-- wp:paragraph {\"style\":{\"color\":{\"text\":\"#83429d\"}}} -->\n<p class=\"has-text-color\" style=\"color:#83429d\">Une facture acquitt\u00e9e de votre consultation du jour pourra \u00eatre demand\u00e9e \u00e0 la Sophrologue, qui vous l\u2019adressera par mail.<\/p>\n<!-- \/wp:paragraph -->\n\n<!-- wp:heading {\"level\":3,\"style\":{\"color\":{\"text\":\"#83429d\"},\"typography\":{\"fontSize\":\"17px\"}}} -->\n<h3 class=\"wp-block-heading has-text-color\" style=\"color:#83429d;font-size:17px\"><strong>Pour <strong>les entreprises, collectivit\u00e9s, associations, \u00e9tablissement de sant\u00e9, \u00e9tablissement scolaire, collectivit\u00e9s,<\/strong>&nbsp;:<\/strong><\/h3>\n<!-- \/wp:heading -->\n\n<!-- wp:paragraph -->\n<p><em><mark style=\"background-color:rgba(0, 0, 0, 0);color:#83429d\" class=\"has-inline-color\">Sur la base d\u2019un devis, transmis par mail avec les CGV, valable 2 mois \u00e0 la date d\u2019\u00e9mission, la commande de la (des) prestation(s) est prise en compte lors de la signature du devis et des CGV, avec la mention \u00ab&nbsp;bon pour accord&nbsp;\u00bb. La commande est \u00e0 renvoyer par mail \u00e0 SASU Emma\u2019Forme et Happy\u2019Culture \u00e0 l\u2019adresse suivante&nbsp;: <\/mark><\/em><a href=\"mailto:emmaformehappyculture@gmail.com\"><mark style=\"background-color:rgba(0, 0, 0, 0);color:#83429d\" class=\"has-inline-color\">emmaformehappyculture@gmail.com<\/mark><\/a><\/p>\n<!-- \/wp:paragraph -->\n\n<!-- wp:paragraph -->\n<p><mark style=\"background-color:rgba(0, 0, 0, 0);color:#83429d\" class=\"has-inline-color\">Toute commande pourra faire l\u2019objet du r\u00e8glement d'un acompte de 30% du montant du devis \u00e0 la date de commande et le montant restant sera \u00e0&nbsp; payer 30 jours fin de mois \u00e0 partir de la date d\u2019\u00e9mission de la facture, facture \u00e9mise chaque fin de mois de prestations. Hors acompte, les factures seront \u00e9galement \u00e9mises chaque fin de mois de prestations pour un paiement \u00e0 30 jours fin de mois suivant.<\/mark> <mark style=\"background-color:rgba(0, 0, 0, 0);color:#83429d\" class=\"has-inline-color\">Les paiements sont \u00e0 effectuer par virement bancaire sur le compte de la SASU Emma\u2019Forme et Happy\u2019Culture.<\/mark><\/p>\n<!-- \/wp:paragraph -->\n\n<!-- wp:paragraph {\"style\":{\"color\":{\"text\":\"#83429d\"}}} -->\n<p class=\"has-text-color\" style=\"color:#83429d\">Toute prestation fera l\u2019objet d\u2019une facture et sera transmise par voie \u00e9lectronique, via la soci\u00e9t\u00e9 de portage ou prestataire externe (si prestation par ce biais), soit par courriel soit via la plateforme chorus pro.<\/p>\n<!-- \/wp:paragraph -->\n\n<!-- wp:heading {\"level\":3,\"style\":{\"color\":{\"text\":\"#83429d\"},\"typography\":{\"fontSize\":\"17px\"}}} -->\n<h3 class=\"wp-block-heading has-text-color\" style=\"color:#83429d;font-size:17px\"><strong>En cas d\u2019impay\u00e9s&nbsp;: <\/strong><\/h3>\n<!-- \/wp:heading -->\n\n<!-- wp:paragraph {\"style\":{\"color\":{\"text\":\"#83429d\"}}} -->\n<p class=\"has-text-color\" style=\"color:#83429d\">Application d\u2019une p\u00e9nalit\u00e9 forfaitaire de 40 \u20ac et d\u2019int\u00e9r\u00eats en fonction du taux d\u2019int\u00e9r\u00eat l\u00e9gal en vigueur \u00e0 la date d\u2019\u00e9mission de la facture, et mention indiqu\u00e9e sur la facture et selon les pr\u00e9cisions suivantes&nbsp;:<\/p>\n<!-- \/wp:paragraph -->\n\n<!-- wp:paragraph -->\n<p><mark style=\"background-color:rgba(0, 0, 0, 0);color:#83429d\" class=\"has-inline-color\">En cas de d\u00e9faut de paiement total ou partiel des prestations r\u00e9alis\u00e9es, le client doit verser \u00e0 la SASU Emma\u2019Forme et Happy\u2019Culture une p\u00e9nalit\u00e9 de retard \u00e9gale \u00e0 trois fois le taux de l'int\u00e9r\u00eat l\u00e9gal.<\/mark><\/p>\n<!-- \/wp:paragraph -->\n\n<!-- wp:paragraph -->\n<p><mark style=\"background-color:rgba(0, 0, 0, 0);color:#83429d\" class=\"has-inline-color\">Le taux de l'int\u00e9r\u00eat l\u00e9gal retenu est celui en vigueur au jour de la r\u00e9alisation de la prestation, le cas \u00e9ch\u00e9ant \u00e0 la date d\u2019\u00e9mission de la facture (acompte et solde).<\/mark><\/p>\n<!-- \/wp:paragraph -->\n\n<!-- wp:paragraph -->\n<p><mark style=\"background-color:rgba(0, 0, 0, 0);color:#83429d\" class=\"has-inline-color\">A compter du 1er janvier 2015, le taux d'int\u00e9r\u00eat l\u00e9gal sera r\u00e9vis\u00e9 tous les 6 mois (Ordonnance n\u00b02014-947 du 20 ao\u00fbt 2014).<\/mark><\/p>\n<!-- \/wp:paragraph -->\n\n<!-- wp:paragraph -->\n<p><mark style=\"background-color:rgba(0, 0, 0, 0);color:#83429d\" class=\"has-inline-color\">Cette p\u00e9nalit\u00e9 est calcul\u00e9e sur le montant TTC de la somme restant due, et court \u00e0 compter de la date d'\u00e9ch\u00e9ance du prix sans qu'aucune mise en demeure pr\u00e9alable ne soit n\u00e9cessaire.<\/mark><\/p>\n<!-- \/wp:paragraph -->\n\n<!-- wp:paragraph -->\n<p><mark style=\"background-color:rgba(0, 0, 0, 0);color:#83429d\" class=\"has-inline-color\">En sus des indemnit\u00e9s de retard, toute somme, y compris l\u2019acompte, non pay\u00e9e \u00e0 sa date d\u2019exigibilit\u00e9 produira de plein droit le paiement d\u2019une indemnit\u00e9 forfaitaire de 40 euros due au titre des frais de recouvrement.<\/mark><\/p>\n<!-- \/wp:paragraph -->\n\n<!-- wp:paragraph -->\n<p><mark style=\"background-color:rgba(0, 0, 0, 0);color:#83429d\" class=\"has-inline-color\">Articles 441-10 et D. 441-5 du code de commerce.<\/mark><\/p>\n<!-- \/wp:paragraph -->\n\n<!-- wp:heading {\"style\":{\"color\":{\"text\":\"#583a70\"}},\"fontSize\":\"medium\"} -->\n<h2 class=\"wp-block-heading has-text-color has-medium-font-size\" style=\"color:#583a70\">Annulation ou modification d\u2019un rendez-vous :<\/h2>\n<!-- \/wp:heading -->\n\n<!-- wp:heading {\"level\":3,\"style\":{\"color\":{\"text\":\"#83429d\"}},\"fontSize\":\"medium\"} -->\n<h3 class=\"wp-block-heading has-text-color has-medium-font-size\" style=\"color:#83429d\"><strong>A l\u2019initiative du client&nbsp;: <\/strong><\/h3>\n<!-- \/wp:heading -->\n\n<!-- wp:paragraph {\"style\":{\"color\":{\"text\":\"#83429d\"}}} -->\n<p class=\"has-text-color\" style=\"color:#83429d\">En cas d\u2019impossibilit\u00e9 de se rendre au rendez-vous pris, la personne est invit\u00e9e \u00e0 annuler ou reporter le rendez-vous au plus tard 24 heures avant via le mail de confirmation et r\u00e9capitulatif du rendez-vous, l\u2019adresse mail emmaformeformehappyculture@gmail.com ou par t\u00e9l\u00e9phone au 06.82.65.00.00<strong>.<\/strong><\/p>\n<!-- \/wp:paragraph -->\n\n<!-- wp:paragraph {\"style\":{\"color\":{\"text\":\"#83429d\"}}} -->\n<p class=\"has-text-color\" style=\"color:#83429d\">Toute annulation moins de 24h avant la prestation sera factur\u00e9e. De m\u00eame toute absence \u00e0 un rendez-vous fix\u00e9 sans avoir pr\u00e9venu par avance la sophrologue, le RDV sera \u00e9galement consid\u00e9r\u00e9 comme d\u00fb.<\/p>\n<!-- \/wp:paragraph -->\n\n<!-- wp:heading {\"level\":3,\"style\":{\"color\":{\"text\":\"#83429d\"}},\"fontSize\":\"medium\"} -->\n<h3 class=\"wp-block-heading has-text-color has-medium-font-size\" style=\"color:#83429d\"><strong>A l\u2019initiative du prestataire&nbsp;:<\/strong> <\/h3>\n<!-- \/wp:heading -->\n\n<!-- wp:paragraph {\"style\":{\"color\":{\"text\":\"#83429d\"}}} -->\n<p class=\"has-text-color\" style=\"color:#83429d\">En cas d\u2019absence impr\u00e9vue de ma part, la (les) s\u00e9ance(s) et atelier(s) seront report\u00e9es \u00e0 une date ult\u00e9rieure ou annul\u00e9e le cas \u00e9ch\u00e9ant.<\/p>\n<!-- \/wp:paragraph -->\n\n<!-- wp:heading {\"level\":3,\"style\":{\"color\":{\"text\":\"#83429d\"}},\"fontSize\":\"medium\"} -->\n<h3 class=\"wp-block-heading has-text-color has-medium-font-size\" style=\"color:#83429d\"><strong>En cas de force majeure (ex&nbsp;: COVID, intemp\u00e9ries majeures, \u2026)&nbsp;: <\/strong><\/h3>\n<!-- \/wp:heading -->\n\n<!-- wp:paragraph {\"style\":{\"color\":{\"text\":\"#83429d\"}}} -->\n<p class=\"has-text-color\" style=\"color:#83429d\">les s\u00e9ances et ateliers seront r\u00e9alis\u00e9es uniquement en visio. <\/p>\n<!-- \/wp:paragraph -->\n\n<!-- wp:paragraph {\"style\":{\"color\":{\"text\":\"#83429d\"}}} -->\n<p class=\"has-text-color\" style=\"color:#83429d\">\u00c0 ce titre, la force majeure s'entend de tout \u00e9v\u00e9nement ext\u00e9rieur, impr\u00e9visible et irr\u00e9sistible au sens de l'article 1148 du Code civil. <\/p>\n<!-- \/wp:paragraph -->\n\n<!-- wp:heading {\"style\":{\"color\":{\"text\":\"#583a70\"}},\"fontSize\":\"medium\"} -->\n<h2 class=\"wp-block-heading has-text-color has-medium-font-size\" style=\"color:#583a70\">Code de d\u00e9ontologie :<\/h2>\n<!-- \/wp:heading -->\n\n<!-- wp:paragraph {\"style\":{\"color\":{\"text\":\"#83429d\"}}} -->\n<p class=\"has-text-color\" style=\"color:#83429d\">Respect du code de d\u00e9ontologie de la sophrologie cayc\u00e9dienne. consultable&nbsp;sur le lien suivant&nbsp;: <a href=\"https:\/\/www.sfscay.fr\/le-syndicat\/notre-code-de-deontologie\/\">https:\/\/www.sfscay.fr\/le-syndicat\/notre-code-de-deontologie\/<\/a><\/p>\n<!-- \/wp:paragraph -->\n\n<!-- wp:heading {\"style\":{\"color\":{\"text\":\"#583a70\"}},\"fontSize\":\"medium\"} -->\n<h2 class=\"wp-block-heading has-text-color has-medium-font-size\" style=\"color:#583a70\">Assurance :<\/h2>\n<!-- \/wp:heading -->\n\n<!-- wp:paragraph {\"style\":{\"color\":{\"text\":\"#83429d\"}}} -->\n<p class=\"has-text-color\" style=\"color:#83429d\">Titulaire d\u2019une assurance de responsabilit\u00e9 civile professionnelle.<\/p>\n<!-- \/wp:paragraph -->\n\n<!-- wp:heading {\"style\":{\"color\":{\"text\":\"#583a70\"}},\"fontSize\":\"medium\"} -->\n<h2 class=\"wp-block-heading has-text-color has-medium-font-size\" style=\"color:#583a70\">Protection des donn\u00e9es personnelles et RGPD :<\/h2>\n<!-- \/wp:heading -->\n\n<!-- wp:paragraph {\"style\":{\"color\":{\"text\":\"#83429d\"}}} -->\n<p class=\"has-text-color\" style=\"color:#83429d\">Les donn\u00e9es demand\u00e9es au client sont n\u00e9cessaires \u00e0 la mise en place des consultations, celles-ci sont destin\u00e9es \u00e0 un usage interne et le client dispose d\u2019un droit d\u2019action, de modification et d\u2019opposition tel que pr\u00e9vu par la loi n\u00b0 78-17 du 6 Janvier 1978. Pour toute demande, merci d\u2019adresser un mail \u00e0 l\u2019adresse suivante: <a href=\"mailto:emmaformehappyculture@gmail.com\">emmaformehappyculture@gmail.com<\/a><\/p>\n<!-- \/wp:paragraph -->\n\n<!-- wp:heading {\"style\":{\"color\":{\"text\":\"#583a70\"}},\"fontSize\":\"medium\"} -->\n<h2 class=\"wp-block-heading has-text-color has-medium-font-size\" style=\"color:#583a70\">Propri\u00e9t\u00e9 intellectuelle :<\/h2>\n<!-- \/wp:heading -->\n\n<!-- wp:paragraph {\"style\":{\"color\":{\"text\":\"#83429d\"}}} -->\n<p class=\"has-text-color\" style=\"color:#83429d\">Toutes les informations pr\u00e9sentes sur ce site sont et restent la propri\u00e9t\u00e9 exclusive de la SASU Emma\u2019Forme et Happy\u2019Culture, en cons\u00e9quence, toute reproduction partielle ou totale des diff\u00e9rents \u00e9l\u00e9ments de ce site sont interdit.<\/p>\n<!-- \/wp:paragraph -->\n\n<!-- wp:heading {\"style\":{\"color\":{\"text\":\"#583a70\"}},\"fontSize\":\"medium\"} -->\n<h2 class=\"wp-block-heading has-text-color has-medium-font-size\" style=\"color:#583a70\">M\u00e9diation :<\/h2>\n<!-- \/wp:heading -->\n\n<!-- wp:paragraph -->\n<p><mark style=\"background-color:rgba(0, 0, 0, 0);color:#83429d\" class=\"has-inline-color\">Conform\u00e9ment aux articles L.616-1 et R.616-1 du code de la consommation, Madame FRANCOIS Emmanuelle repr\u00e9sentant la SASU Emma\u2019Forme et Happy\u2019Culture a mis en place un dispositif de m\u00e9diation de la consommation. L'entit\u00e9 de m\u00e9diation retenue est : SAS CNPM - M\u00c9DIATION - CONSOMMATION. En cas de litige, le consommateur pourra d\u00e9poser sa r\u00e9clamation sur le site : http:\/\/cnpm-mediation-consommation.eu<\/mark><\/p>\n<!-- \/wp:paragraph -->\n\n<!-- wp:paragraph -->\n<p><mark style=\"background-color:rgba(0, 0, 0, 0);color:#83429d\" class=\"has-inline-color\">ou par voie postale en \u00e9crivant \u00e0<\/mark> <mark style=\"background-color:rgba(0, 0, 0, 0);color:#83429d\" class=\"has-inline-color\">CNPM - M\u00c9DIATION - CONSOMMATION<\/mark> - <mark style=\"background-color:rgba(0, 0, 0, 0);color:#83429d\" class=\"has-inline-color\">27, avenue de la Lib\u00e9ration \u2013 42400 SAINT-CHAMOND<\/mark><\/p>\n<!-- \/wp:paragraph -->\n\n<!-- wp:heading {\"style\":{\"color\":{\"text\":\"#583a70\"}},\"fontSize\":\"medium\"} -->\n<h2 class=\"wp-block-heading has-text-color has-medium-font-size\" style=\"color:#583a70\">Tribunal comp\u00e9tent :<\/h2>\n<!-- \/wp:heading -->\n\n<!-- wp:paragraph -->\n<p><mark style=\"background-color:rgba(0, 0, 0, 0);color:#83429d\" class=\"has-inline-color\">Tout litige relatif \u00e0 l'interpr\u00e9tation et \u00e0 l'ex\u00e9cution des pr\u00e9sentes conditions g\u00e9n\u00e9rales de vente est soumis au droit fran\u00e7ais.<\/mark><\/p>\n<!-- \/wp:paragraph -->\n\n<!-- wp:paragraph -->\n<p><mark style=\"background-color:rgba(0, 0, 0, 0);color:#83429d\" class=\"has-inline-color\">\u00c0 d\u00e9faut de r\u00e9solution amiable et d\u2019une m\u00e9diation, le litige sera port\u00e9 devant le Tribunal de commerce de METZ&nbsp;(57).<\/mark><\/p>\n<!-- \/wp:paragraph -->\n\n<!-- wp:spacer {\"height\":\"25px\"} -->\n<div style=\"height:25px\" aria-hidden=\"true\" class=\"wp-block-spacer\"><\/div>\n<!-- \/wp:spacer -->\n\n<!-- wp:separator -->\n<hr class=\"wp-block-separator has-alpha-channel-opacity\"\/>\n<!-- \/wp:separator -->\n\n<!-- wp:spacer {\"height\":\"25px\"} -->\n<div style=\"height:25px\" aria-hidden=\"true\" class=\"wp-block-spacer\"><\/div>\n<!-- \/wp:spacer -->\n\n<!-- wp:heading {\"textAlign\":\"center\",\"level\":1,\"style\":{\"color\":{\"text\":\"#583a70\"}},\"fontSize\":\"x-large\"} -->\n<h1 class=\"wp-block-heading has-text-align-center has-text-color has-x-large-font-size\" style=\"color:#583a70\">Mentions l\u00e9gales<\/h1>\n<!-- \/wp:heading -->\n\n<!-- wp:spacer {\"height\":\"35px\"} -->\n<div style=\"height:35px\" aria-hidden=\"true\" class=\"wp-block-spacer\"><\/div>\n<!-- \/wp:spacer -->\n\n<!-- wp:paragraph {\"style\":{\"color\":{\"text\":\"#83429d\"}}} -->\n<p class=\"has-text-color\" style=\"color:#83429d\">Les pr\u00e9sentes Conditions G\u00e9n\u00e9rales d\u2019Utilisation, soumises au droit fran\u00e7ais, ont vocation \u00e0 r\u00e9gir l\u2019utilisation du site https:\/\/www.emmaforme-happyculture.fr de tout contenu, fonctionnalit\u00e9 et service accessibles sur le site site https:\/\/www.emmaforme-happyculture.fr \u00e9dit\u00e9 par la soci\u00e9t\u00e9 Emma\u2019Forme et Happy\u2019Culture. Le cas \u00e9ch\u00e9ant certains services accessibles par le site peuvent \u00eatre soumis \u00e0 des conditions sp\u00e9cifiques additionnelles.<\/p>\n<!-- \/wp:paragraph -->\n\n<!-- wp:paragraph {\"style\":{\"color\":{\"text\":\"#83429d\"}}} -->\n<p class=\"has-text-color\" style=\"color:#83429d\">Toute utilisation du site sera r\u00e9put\u00e9e \u00eatre intervenue sur le territoire fran\u00e7ais.<\/p>\n<!-- \/wp:paragraph -->\n\n<!-- wp:paragraph {\"style\":{\"color\":{\"text\":\"#83429d\"}}} -->\n<p class=\"has-text-color\" style=\"color:#83429d\">L\u2019Entreprise Emma\u2019Forme et Happy\u2019Culture est :<\/p>\n<!-- \/wp:paragraph -->\n\n<!-- wp:paragraph {\"style\":{\"color\":{\"text\":\"#83429d\"}}} -->\n<p class=\"has-text-color\" style=\"color:#83429d\">SASU Emma\u2019Forme et Happy\u2019Culture<br>Repr\u00e9sent\u00e9e par Mme Emmanuelle FRANCOIS, pr\u00e9sidente<\/p>\n<!-- \/wp:paragraph -->\n\n<!-- wp:paragraph {\"style\":{\"color\":{\"text\":\"#83429d\"}}} -->\n<p class=\"has-text-color\" style=\"color:#83429d\">Si\u00e8ge social :<br>9, rue des Quartiers<br>F-57630 MARSAL<\/p>\n<!-- \/wp:paragraph -->\n\n<!-- wp:paragraph {\"style\":{\"color\":{\"text\":\"#83429d\"}}} -->\n<p class=\"has-text-color\" style=\"color:#83429d\">T\u00e9l\u00e9phone : +33 6 82 65 00 00<br>Courriel : emmaformehappyclture@gmail.com<br>Site internet : https:\/\/www.emmaforme-happyculture.fr<\/p>\n<!-- \/wp:paragraph -->\n\n<!-- wp:paragraph {\"style\":{\"color\":{\"text\":\"#83429d\"}}} -->\n<p class=\"has-text-color\" style=\"color:#83429d\">SIRET : 952&nbsp;156&nbsp;909&nbsp;000 14<br>APE \/ NAF : 9609Z<br>TVA intracommunautaire : FR92952156909<\/p>\n<!-- \/wp:paragraph -->\n\n<!-- wp:heading {\"style\":{\"color\":{\"text\":\"#583a70\"}},\"fontSize\":\"medium\"} -->\n<h2 class=\"wp-block-heading has-text-color has-medium-font-size\" style=\"color:#583a70\">\u00c9diteur du site<\/h2>\n<!-- \/wp:heading -->\n\n<!-- wp:paragraph {\"style\":{\"color\":{\"text\":\"#83429d\"}}} -->\n<p class=\"has-text-color\" style=\"color:#83429d\">SASU Emma\u2019Forme et Happy\u2019Culture<br>9, rue des Quartiers<br>57630 MARSAL<br>Mail : emmaformehappyculture@gmail.com<\/p>\n<!-- \/wp:paragraph -->\n\n<!-- wp:heading {\"style\":{\"color\":{\"text\":\"#583a70\"}},\"fontSize\":\"medium\"} -->\n<h2 class=\"wp-block-heading has-text-color has-medium-font-size\" style=\"color:#583a70\">Directrice de Publication<\/h2>\n<!-- \/wp:heading -->\n\n<!-- wp:paragraph {\"style\":{\"color\":{\"text\":\"#83429d\"}}} -->\n<p class=\"has-text-color\" style=\"color:#83429d\">Mme Emmanuelle FRANCOIS, Pr\u00e9sidente<br>emmaformehappyculture@gmail.com<\/p>\n<!-- \/wp:paragraph -->\n\n<!-- wp:heading {\"style\":{\"color\":{\"text\":\"#583a70\"}},\"fontSize\":\"medium\"} -->\n<h2 class=\"wp-block-heading has-text-color has-medium-font-size\" style=\"color:#583a70\">Cr\u00e9ation du site web :<\/h2>\n<!-- \/wp:heading -->\n\n<!-- wp:paragraph {\"style\":{\"color\":{\"text\":\"#83429d\"}}} -->\n<p class=\"has-text-color\" style=\"color:#83429d\">Mme Emmanuelle FRANCOIS<br>9, rue des Quartiers<br>57630 MARSAL<\/p>\n<!-- \/wp:paragraph -->\n\n<!-- wp:heading {\"style\":{\"color\":{\"text\":\"#583a70\"}},\"fontSize\":\"medium\"} -->\n<h2 class=\"wp-block-heading has-text-color has-medium-font-size\" style=\"color:#583a70\">H\u00e9bergeur du site<\/h2>\n<!-- \/wp:heading -->\n\n<!-- wp:paragraph {\"style\":{\"color\":{\"text\":\"#83429d\"}}} -->\n<p class=\"has-text-color\" style=\"color:#83429d\">OVH<br>SAS au capital de 10 174 560 \u20ac<br>RCS Lille M\u00e9tropole 424 761 419 00045<br>Code APE 2620Z<br>N\u00b0 TVA : FR 22 424 761 419<br>Si\u00e8ge social : 2 rue Kellermann - 59100 Roubaix - France<br>Pr\u00e9sident : Michel Paulin<br>OVH SAS est une filiale de la soci\u00e9t\u00e9 OVH Groupe SA, soci\u00e9t\u00e9 immatricul\u00e9e au RCS de Lille sous le num\u00e9ro 537 407 926 sise 2, rue Kellermann, 59100 Roubaix.<\/p>\n<!-- \/wp:paragraph -->\n\n<!-- wp:heading {\"style\":{\"color\":{\"text\":\"#583a70\"}},\"fontSize\":\"medium\"} -->\n<h2 class=\"wp-block-heading has-text-color has-medium-font-size\" style=\"color:#583a70\">Donn\u00e9es personnelles<\/h2>\n<!-- \/wp:heading -->\n\n<!-- wp:paragraph {\"style\":{\"color\":{\"text\":\"#83429d\"}}} -->\n<p class=\"has-text-color\" style=\"color:#83429d\">Conform\u00e9ment \u00e0 la loi n\u00b0 78-17 du 6 janvier 1978 relative \u00e0 l\u2019informatique, aux fichiers et aux libert\u00e9s, et compte tenu de la loi du 21 juin 2004, intitul\u00e9e loi pour la confiance dans l\u2019\u00e9conomie num\u00e9rique, vous disposez d\u2019un droit d\u2019acc\u00e8s, de rectification, de modification et de suppression des donn\u00e9es personnelles que vous nous avez communiqu\u00e9es. Pour ce faire, vous pouvez nous contacter \u00e0 l\u2019adresse mail : emmaformehappyculture@gmail.com<\/p>\n<!-- \/wp:paragraph -->\n\n<!-- wp:heading {\"style\":{\"color\":{\"text\":\"#583a70\"}},\"fontSize\":\"medium\"} -->\n<h2 class=\"wp-block-heading has-text-color has-medium-font-size\" style=\"color:#583a70\">Cookies<\/h2>\n<!-- \/wp:heading -->\n\n<!-- wp:paragraph {\"style\":{\"color\":{\"text\":\"#83429d\"}}} -->\n<p class=\"has-text-color\" style=\"color:#83429d\">L\u2019outil statistique de mesure de la fr\u00e9quentation du site est, de mani\u00e8re g\u00e9n\u00e9rale, bas\u00e9 sur la seule analyse des \u00ab logs \u00bb de connexions sur les serveurs de Emma\u2019Forme et Happy\u2019Culture. Toutefois, certaines pages peuvent contenir un marqueur t\u00e9moin (\u00ab cookie \u00bb). Un cookie est un fichier de taille r\u00e9duite stock\u00e9 sur votre ordinateur, utilis\u00e9 \u00e0 la fois pour faciliter votre navigation sur le site ainsi que dans un but statistique. Ces donn\u00e9es sont principalement le nombre de pages vues, de visiteurs, de visites ainsi que l\u2019activit\u00e9 des visiteurs sur notre site et leur fr\u00e9quence de retour. Ces donn\u00e9es ne sont donc pas recueillies pour nous permettre d\u2019identifier l\u2019identit\u00e9 des personnes naviguant sur le site.<\/p>\n<!-- \/wp:paragraph -->\n\n<!-- wp:paragraph {\"style\":{\"color\":{\"text\":\"#83429d\"}}} -->\n<p class=\"has-text-color\" style=\"color:#83429d\">Vous \u00eates inform\u00e9 que vous pouvez vous opposer \u00e0 l\u2019enregistrement de ces \u00ab cookies \u00bb en configurant votre ordinateur selon les modalit\u00e9s d\u00e9taill\u00e9es sur le site de la CNIL : http:\/\/www.cnil.fr\/vos-droits\/vos-traces\/les-cookies\/<\/p>\n<!-- \/wp:paragraph -->\n\n<!-- wp:heading {\"style\":{\"color\":{\"text\":\"#583a70\"}},\"fontSize\":\"medium\"} -->\n<h2 class=\"wp-block-heading has-text-color has-medium-font-size\" style=\"color:#583a70\">Mise en garde<\/h2>\n<!-- \/wp:heading -->\n\n<!-- wp:paragraph {\"style\":{\"color\":{\"text\":\"#83429d\"}}} -->\n<p class=\"has-text-color\" style=\"color:#83429d\">Nous ne pouvons garantir \u00e0 100% la s\u00e9curit\u00e9 des donn\u00e9es transmises sur Internet. De plus, Emma\u2019Forme et Happy\u2019Culture ne saurait garantir l\u2019exactitude, la compl\u00e9tude et l\u2019actualit\u00e9 des informations diffus\u00e9es sur le site. Vous reconnaissez donc utiliser ces informations sous votre responsabilit\u00e9 exclusive. Nous mettons tout en \u0153uvre pour garantir des informations disponibles et v\u00e9rifi\u00e9es, mais ne serions \u00eatre tenus pour responsable des erreurs ou de la pr\u00e9sence de virus sur le site.<br>Vos obligations en tant qu\u2019utilisateur<\/p>\n<!-- \/wp:paragraph -->\n\n<!-- wp:paragraph {\"style\":{\"color\":{\"text\":\"#83429d\"}}} -->\n<p class=\"has-text-color\" style=\"color:#83429d\">Respect d\u2019autrui : En tant qu\u2019utilisateur du site, vous \u00eates tenus de respecter les l\u00e9gislations applicables, et notamment les dispositions de Loi n\u00b0 78-17 du 6 janvier 1978 relative \u00e0 l\u2019informatique, aux fichiers et aux libert\u00e9s, dont la violation est passible de sanctions p\u00e9nales. Vous devez notamment vous abstenir de toute collecte, de toute utilisation d\u00e9tourn\u00e9e, notamment des informations nominatives auxquelles vous acc\u00e9dez, et d\u2019une mani\u00e8re g\u00e9n\u00e9rale, de tout acte susceptible de porter atteinte \u00e0 la vie priv\u00e9e, \u00e0 l\u2019honneur, \u00e0 la sensibilit\u00e9, \u00e0 l\u2019image de marque, \u00e0 la notori\u00e9t\u00e9 de toute personne, physique ou morale, et notamment de Emma\u2019Forme et Happy\u2019Culture, en \u00e9vitant toute mention, tout message ou texte diffamant, provocant, malveillant, d\u00e9nigrant ou mena\u00e7ant, sur quelque support que ce soit.<\/p>\n<!-- \/wp:paragraph -->\n\n<!-- wp:paragraph {\"style\":{\"color\":{\"text\":\"#83429d\"}}} -->\n<p class=\"has-text-color\" style=\"color:#83429d\">Respect des droits de propri\u00e9t\u00e9 intellectuelle : Toute repr\u00e9sentation totale ou partielle de ce site par quelque proc\u00e9d\u00e9 que ce soit, sans l\u2019autorisation expresse de Emma\u2019Forme et Happy\u2019Culture est interdite et constituerait une contrefa\u00e7on sanctionn\u00e9e, notamment de fa\u00e7on p\u00e9nale, par les articles L. 335-2 et suivants du Code de la propri\u00e9t\u00e9 intellectuelle. De m\u00eame les marques et autres signes distinctifs tels que logos et symboles figurant sur le site sont la propri\u00e9t\u00e9 de Emma\u2019Forme et Happy\u2019Culture ou de ses partenaires et toute utilisation par des tiers non autoris\u00e9s en est strictement interdite.<\/p>\n<!-- \/wp:paragraph -->\n\n<!-- wp:spacer {\"height\":\"25px\"} -->\n<div style=\"height:25px\" aria-hidden=\"true\" class=\"wp-block-spacer\"><\/div>\n<!-- \/wp:spacer -->\n\n<!-- wp:separator -->\n<hr class=\"wp-block-separator has-alpha-channel-opacity\"\/>\n<!-- \/wp:separator -->\n\n<!-- wp:spacer {\"height\":\"25px\"} -->\n<div style=\"height:25px\" aria-hidden=\"true\" class=\"wp-block-spacer\"><\/div>\n<!-- \/wp:spacer -->\n\n<!-- wp:heading {\"textAlign\":\"center\",\"level\":1,\"style\":{\"color\":{\"text\":\"#583a70\"}},\"fontSize\":\"x-large\"} -->\n<h1 class=\"wp-block-heading has-text-align-center has-text-color has-x-large-font-size\" style=\"color:#583a70\">Politique de confidentialit\u00e9 <\/h1>\n<!-- \/wp:heading -->\n\n<!-- wp:spacer {\"height\":\"35px\"} -->\n<div style=\"height:35px\" aria-hidden=\"true\" class=\"wp-block-spacer\"><\/div>\n<!-- \/wp:spacer -->\n\n<!-- wp:heading {\"style\":{\"color\":{\"text\":\"#583a70\"}},\"fontSize\":\"medium\"} -->\n<h2 class=\"wp-block-heading has-text-color has-medium-font-size\" style=\"color:#583a70\">Qui sommes-nous&nbsp;?<\/h2>\n<!-- \/wp:heading -->\n\n<!-- wp:paragraph {\"style\":{\"color\":{\"text\":\"#83429d\"}}} -->\n<p class=\"has-text-color\" style=\"color:#83429d\">L\u2019adresse de notre site est&nbsp;: http:\/\/www.emmaforme-happyculture.fr.<\/p>\n<!-- \/wp:paragraph -->\n\n<!-- wp:heading {\"style\":{\"color\":{\"text\":\"#583a70\"}},\"fontSize\":\"medium\"} -->\n<h2 class=\"wp-block-heading has-text-color has-medium-font-size\" style=\"color:#583a70\">Contenu embarqu\u00e9 depuis d\u2019autres sites<\/h2>\n<!-- \/wp:heading -->\n\n<!-- wp:paragraph {\"style\":{\"color\":{\"text\":\"#83429d\"}}} -->\n<p class=\"has-text-color\" style=\"color:#83429d\">Les articles de ce site peuvent inclure des contenus int\u00e9gr\u00e9s (par exemple des vid\u00e9os, images, articles\u2026). Le contenu int\u00e9gr\u00e9 depuis d\u2019autres sites se comporte de la m\u00eame mani\u00e8re que si le visiteur se rendait sur cet autre site.<\/p>\n<!-- \/wp:paragraph -->\n\n<!-- wp:paragraph {\"style\":{\"color\":{\"text\":\"#83429d\"}}} -->\n<p class=\"has-text-color\" style=\"color:#83429d\">Ces sites web pourraient collecter des donn\u00e9es sur vous, utiliser des cookies, embarquer des outils de suivis tiers, suivre vos interactions avec ces contenus embarqu\u00e9s si vous disposez d\u2019un compte connect\u00e9 sur leur site web.<\/p>\n<!-- \/wp:paragraph -->\n\n<!-- wp:heading {\"style\":{\"color\":{\"text\":\"#583a70\"}},\"fontSize\":\"medium\"} -->\n<h2 class=\"wp-block-heading has-text-color has-medium-font-size\" style=\"color:#583a70\">Protection des donn\u00e9es personnelles<\/h2>\n<!-- \/wp:heading -->\n\n<!-- wp:paragraph {\"style\":{\"color\":{\"text\":\"#83429d\"}}} -->\n<p class=\"has-text-color\" style=\"color:#83429d\">Afin de prodiguer la meilleure exp\u00e9rience possible, des contenus informatifs de qualit\u00e9, l\u2019acc\u00e8s \u00e0 des informations sp\u00e9cifiques tels que des ressources et tutoriaux, le visiteur du site peut \u00eatre amen\u00e9 \u00e0 renseigner des formulaires. Les informations recueillies font alors l\u2019objet d\u2019un traitement informatique rendu n\u00e9cessaire pour assurer le suivi commercial et marketing. Les destinataires des donn\u00e9es sont exclusivement les personnes travaillant pour l\u2019entreprise Emma\u2019Forme et Happy\u2019Culture.<\/p>\n<!-- \/wp:paragraph -->\n\n<!-- wp:paragraph {\"style\":{\"color\":{\"text\":\"#83429d\"}}} -->\n<p class=\"has-text-color\" style=\"color:#83429d\">Conform\u00e9ment \u00e0 la loi \u00ab informatique et libert\u00e9s \u00bb du 6 janvier 1978 modifi\u00e9e en 2004, vous b\u00e9n\u00e9ficiez d\u2019un droit d\u2019acc\u00e8s et de rectification aux informations qui vous concernent, que vous pouvez exercer en vous adressant \u00e0 notre service support, \u00e0 l\u2019adresse mail emmaformehappyculture@gmail.com. Vous pouvez \u00e9galement, pour des motifs l\u00e9gitimes, vous opposer au traitement des donn\u00e9es vous concernant.<\/p>\n<!-- \/wp:paragraph -->\n\n<!-- wp:paragraph {\"style\":{\"color\":{\"text\":\"#83429d\"}}} -->\n<p class=\"has-text-color\" style=\"color:#83429d\">Le R\u00e8glement G\u00e9n\u00e9ral de Protection des donn\u00e9es (RGPD) entrant en vigueur le 25 mai 2018, d\u00e9finit les principes \u00e0 respecter lors de la collecte, du traitement et de la conservation de donn\u00e9es personnelles. Ils garantit aussi les droits pour les personnes concern\u00e9es.<\/p>\n<!-- \/wp:paragraph -->\n\n<!-- wp:paragraph {\"style\":{\"color\":{\"text\":\"#83429d\"}}} -->\n<p class=\"has-text-color\" style=\"color:#83429d\">Notre site https:\/\/www.emmaforme-happyculture.fr peut proposer un formulaire afin de collecter les donn\u00e9es d\u2019un visiteur.<\/p>\n<!-- \/wp:paragraph -->\n\n<!-- wp:heading {\"style\":{\"color\":{\"text\":\"#583a70\"}},\"fontSize\":\"medium\"} -->\n<h2 class=\"wp-block-heading has-text-color has-medium-font-size\" style=\"color:#583a70\">Objectif<\/h2>\n<!-- \/wp:heading -->\n\n<!-- wp:paragraph {\"style\":{\"color\":{\"text\":\"#83429d\"}}} -->\n<p class=\"has-text-color\" style=\"color:#83429d\">Le recueil des donn\u00e9es sur notre site https:\/\/www.emmaforme-happyculture.fr a pour objectif de constituer un fichier de gestion des prospects et clients de notre soci\u00e9t\u00e9. Notre fichier est utilis\u00e9 pour contacter et proposer nos contenus aux personnes qui le d\u00e9sirent.<\/p>\n<!-- \/wp:paragraph -->\n\n<!-- wp:paragraph {\"style\":{\"color\":{\"text\":\"#83429d\"}}} -->\n<p class=\"has-text-color\" style=\"color:#83429d\">Notre formulaire a pour objectif une demande de contact.<\/p>\n<!-- \/wp:paragraph -->\n\n<!-- wp:heading {\"style\":{\"color\":{\"text\":\"#583a70\"}},\"fontSize\":\"medium\"} -->\n<h2 class=\"wp-block-heading has-text-color has-medium-font-size\" style=\"color:#583a70\">Pertinence des donn\u00e9es<\/h2>\n<!-- \/wp:heading -->\n\n<!-- wp:paragraph {\"style\":{\"color\":{\"text\":\"#83429d\"}}} -->\n<p class=\"has-text-color\" style=\"color:#83429d\">Afin de suivre au mieux l\u2019int\u00e9r\u00eat port\u00e9 par les prospects et clients de Emma\u2019Forme et Happy\u2019Culture, le fichier recueille toutes informations des visiteurs du site https:\/\/www.emmaforme-happyculture.fr relatives \u00e0 l\u2019identit\u00e9 sur le site https:\/\/www.emmaforme-happyculture.fr Conform\u00e9ment \u00e0 la loi informatique et libert\u00e9s, les informations relevant des origines raciales ou ethniques, des opinions politiques, philosophiques ou religieuses, de l\u2019appartenance syndicale, de la sant\u00e9 ou de la vie sexuelle d\u2019une personne ne sont pas collect\u00e9es et sont interdites (donn\u00e9es sensibles).<\/p>\n<!-- \/wp:paragraph -->\n\n<!-- wp:heading {\"style\":{\"color\":{\"text\":\"#583a70\"}},\"fontSize\":\"medium\"} -->\n<h2 class=\"wp-block-heading has-text-color has-medium-font-size\" style=\"color:#583a70\">Lic\u00e9it\u00e9 du traitement et conditions applicables au consentement (art.6 et art.7 du RGPD)<\/h2>\n<!-- \/wp:heading -->\n\n<!-- wp:paragraph {\"style\":{\"color\":{\"text\":\"#83429d\"}}} -->\n<p class=\"has-text-color\" style=\"color:#83429d\">Le consentement du traitement de donn\u00e9es \u00e0 caract\u00e8re personnelle d\u2019un visiteur est syst\u00e9matiquement obtenu pour une ou plusieurs finalit\u00e9s sp\u00e9cifique. Par exemple, lors de la saisie d\u2019un formulaire de contact  l\u2019obtention de l\u2019adresse email du visiteur a pour but de lui adresser une notification lors de nouvelles publications ou de lui proposer des ressources susceptibles de l\u2019int\u00e9resser.<\/p>\n<!-- \/wp:paragraph -->\n\n<!-- wp:heading {\"style\":{\"color\":{\"text\":\"#583a70\"}},\"fontSize\":\"medium\"} -->\n<h2 class=\"wp-block-heading has-text-color has-medium-font-size\" style=\"color:#583a70\">Conservation des donn\u00e9es<\/h2>\n<!-- \/wp:heading -->\n\n<!-- wp:paragraph {\"style\":{\"color\":{\"text\":\"#83429d\"}}} -->\n<p class=\"has-text-color\" style=\"color:#83429d\">Les donn\u00e9es recueillies sur le site https:\/\/www.emmaforme-happyculture.fr sont conserv\u00e9es pour une dur\u00e9e maximale de 12 mois pour les contacts anonymes, apr\u00e8s la derni\u00e8re activit\u00e9 sur le site web par la personne. En revanche, pour les contacts identifi\u00e9s, les donn\u00e9es recueillies sur le site https:\/\/www.emmaforme-happyculture.fr sont conserv\u00e9es pour une dur\u00e9e maximale de 36 mois. \u00c0 l\u2019issue de ces p\u00e9riodes, toutes les donn\u00e9es relatives \u00e0 la personne sont automatiquement supprim\u00e9es.<\/p>\n<!-- \/wp:paragraph -->\n\n<!-- wp:heading {\"style\":{\"color\":{\"text\":\"#583a70\"}},\"fontSize\":\"medium\"} -->\n<h2 class=\"wp-block-heading has-text-color has-medium-font-size\" style=\"color:#583a70\">Droits des personnes (art.16 \u00e0 20 du RGPD)<\/h2>\n<!-- \/wp:heading -->\n\n<!-- wp:paragraph {\"style\":{\"color\":{\"text\":\"#83429d\"}}} -->\n<p class=\"has-text-color\" style=\"color:#83429d\">Conform\u00e9ment \u00e0 la loi informatique et libert\u00e9s et au RGPD, toutes personnes peut exercer son droit d\u2019acc\u00e8s, de rectification, d\u2019opposition, \u00e0 la limitation des traitements, \u00e0 la suppression et la portabilit\u00e9 des donn\u00e9es le concernant en faisant la demande par courrier sign\u00e9 et accompagn\u00e9 de la copie d\u2019un titre d\u2019identit\u00e9 \u00e0 l\u2019adresse du si\u00e8ge social de Emma\u2019Forme et Happy\u2019Culture<\/p>\n<!-- \/wp:paragraph -->\n\n<!-- wp:paragraph {\"style\":{\"color\":{\"text\":\"#83429d\"}}} -->\n<p class=\"has-text-color\" style=\"color:#83429d\">Le responsable du fichier, Madame Emmanuelle FRANCOIS, effectuera une r\u00e9ponse au plus tard dans le mois suivant la demande d\u2019acc\u00e8s ou de rectification.<\/p>\n<!-- \/wp:paragraph -->\n\n<!-- wp:heading {\"style\":{\"color\":{\"text\":\"#583a70\"}},\"fontSize\":\"medium\"} -->\n<h2 class=\"wp-block-heading has-text-color has-medium-font-size\" style=\"color:#583a70\">S\u00e9curit\u00e9 des donn\u00e9es et traitements (art.32 du RGPD)<\/h2>\n<!-- \/wp:heading -->\n\n<!-- wp:paragraph {\"style\":{\"color\":{\"text\":\"#83429d\"}}} -->\n<p class=\"has-text-color\" style=\"color:#83429d\">Les donn\u00e9es recueillies sur le site https:\/\/www.emmaforme-happyculture.fr sont h\u00e9berg\u00e9es par la soci\u00e9t\u00e9 Wordpress. Seules les personnes li\u00e9es au service technique, marketing et commercial de Emma\u2019Forme et Happy\u2019Culture ont acc\u00e8s aux informations recueillies sur le site https:\/\/www.emmaforme-happyculture.fr, via un identifiant personnel et unique \u00e0 la plateforme Wordpress.<\/p>\n<!-- \/wp:paragraph -->\n\n<!-- wp:heading {\"style\":{\"color\":{\"text\":\"#583a70\"}},\"fontSize\":\"medium\"} -->\n<h2 class=\"wp-block-heading has-text-color has-medium-font-size\" style=\"color:#583a70\">Atteinte aux donn\u00e9es et communication sous 72h (art.33 et art.34 du RGPD)<\/h2>\n<!-- \/wp:heading -->\n\n<!-- wp:paragraph {\"style\":{\"color\":{\"text\":\"#83429d\"}}} -->\n<p class=\"has-text-color\" style=\"color:#83429d\">En cas de violation ou suspicion de violation de donn\u00e9es \u00e0 caract\u00e8res personnels, Emma\u2019Forme et Happy\u2019Culture et ses sous-traitants notifieront la CNIL, 72h au plus tard, apr\u00e8s en avoir pris connaissance.<\/p>\n<!-- \/wp:paragraph -->","_et_gb_content_width":"1080","om_disable_all_campaigns":false,"_monsterinsights_skip_tracking":false,"_monsterinsights_sitenote_active":false,"_monsterinsights_sitenote_note":"","_monsterinsights_sitenote_category":0,"_uf_show_specific_survey":0,"_uf_disable_surveys":false,"footnotes":""},"class_list":["post-3","page","type-page","status-publish","hentry"],"aioseo_notices":[],"yoast_head":"<!-- This site is optimized with the Yoast SEO plugin v27.5 - https:\/\/yoast.com\/product\/yoast-seo-wordpress\/ -->\n<title>Conditions G\u00e9n\u00e9rales de Vente - Mentions l\u00e9gales - Politique de confidentialit\u00e9 - Emma&#039;Forme-Happy&#039;Culture<\/title>\n<meta name=\"robots\" content=\"index, follow, max-snippet:-1, max-image-preview:large, max-video-preview:-1\" \/>\n<link rel=\"canonical\" href=\"https:\/\/emmaforme-happyculture.fr\/index.php\/politique-de-confidentialite\/\" \/>\n<meta property=\"og:locale\" content=\"fr_FR\" \/>\n<meta property=\"og:type\" content=\"article\" \/>\n<meta property=\"og:title\" content=\"Conditions G\u00e9n\u00e9rales de Vente - Mentions l\u00e9gales - Politique de confidentialit\u00e9 - Emma&#039;Forme-Happy&#039;Culture\" \/>\n<meta property=\"og:description\" content=\"\u00a0&#039;entrepriseConditions G\u00e9n\u00e9rales de Vente G\u00e9n\u00e9ralit\u00e9s - Objet et champ d&#039;application : Les pr\u00e9sentes conditions de vente d\u00e9finissent les relations contractuelles entre Emmanuelle FRANCOIS EI - Emma\u2019Forme et Happy\u2019Culture repr\u00e9sent\u00e9e par Mme Emmanuelle FRANCOIS, sophrologue certifi\u00e9e par l\u2019\u00c9cole de Sophrologie Cayc\u00e9dienne de Lyon, et les clients ainsi que les conditions applicables \u00e0 toutes les prestations de [&hellip;]\" \/>\n<meta property=\"og:url\" content=\"https:\/\/emmaforme-happyculture.fr\/index.php\/politique-de-confidentialite\/\" \/>\n<meta property=\"og:site_name\" content=\"Emma&#039;Forme-Happy&#039;Culture\" \/>\n<meta property=\"article:publisher\" content=\"https:\/\/www.facebook.com\/EmMaFormeetHappyCulture\/\" \/>\n<meta property=\"article:modified_time\" content=\"2025-12-18T15:33:48+00:00\" \/>\n<meta name=\"twitter:card\" content=\"summary_large_image\" \/>\n<meta name=\"twitter:label1\" content=\"Dur\u00e9e de lecture estim\u00e9e\" \/>\n\t<meta name=\"twitter:data1\" content=\"17 minutes\" \/>\n<script type=\"application\/ld+json\" class=\"yoast-schema-graph\">{\"@context\":\"https:\\\/\\\/schema.org\",\"@graph\":[{\"@type\":\"WebPage\",\"@id\":\"https:\\\/\\\/emmaforme-happyculture.fr\\\/index.php\\\/politique-de-confidentialite\\\/\",\"url\":\"https:\\\/\\\/emmaforme-happyculture.fr\\\/index.php\\\/politique-de-confidentialite\\\/\",\"name\":\"Conditions G\u00e9n\u00e9rales de Vente - Mentions l\u00e9gales - Politique de confidentialit\u00e9 - Emma&#039;Forme-Happy&#039;Culture\",\"isPartOf\":{\"@id\":\"https:\\\/\\\/emmaforme-happyculture.fr\\\/#website\"},\"datePublished\":\"2023-03-22T09:26:29+00:00\",\"dateModified\":\"2025-12-18T15:33:48+00:00\",\"breadcrumb\":{\"@id\":\"https:\\\/\\\/emmaforme-happyculture.fr\\\/index.php\\\/politique-de-confidentialite\\\/#breadcrumb\"},\"inLanguage\":\"fr-FR\",\"potentialAction\":[{\"@type\":\"ReadAction\",\"target\":[\"https:\\\/\\\/emmaforme-happyculture.fr\\\/index.php\\\/politique-de-confidentialite\\\/\"]}]},{\"@type\":\"BreadcrumbList\",\"@id\":\"https:\\\/\\\/emmaforme-happyculture.fr\\\/index.php\\\/politique-de-confidentialite\\\/#breadcrumb\",\"itemListElement\":[{\"@type\":\"ListItem\",\"position\":1,\"name\":\"Accueil\",\"item\":\"https:\\\/\\\/emmaforme-happyculture.fr\\\/\"},{\"@type\":\"ListItem\",\"position\":2,\"name\":\"Conditions G\u00e9n\u00e9rales de Vente &#8211; Mentions l\u00e9gales &#8211; Politique de confidentialit\u00e9\"}]},{\"@type\":\"WebSite\",\"@id\":\"https:\\\/\\\/emmaforme-happyculture.fr\\\/#website\",\"url\":\"https:\\\/\\\/emmaforme-happyculture.fr\\\/\",\"name\":\"Emma&#039;Forme-Happy&#039;Culture\",\"description\":\"Emmanuelle FRANCOIS - Sophrologue - Mieux-\u00eatre au quotidien\",\"publisher\":{\"@id\":\"https:\\\/\\\/emmaforme-happyculture.fr\\\/#organization\"},\"potentialAction\":[{\"@type\":\"SearchAction\",\"target\":{\"@type\":\"EntryPoint\",\"urlTemplate\":\"https:\\\/\\\/emmaforme-happyculture.fr\\\/?s={search_term_string}\"},\"query-input\":{\"@type\":\"PropertyValueSpecification\",\"valueRequired\":true,\"valueName\":\"search_term_string\"}}],\"inLanguage\":\"fr-FR\"},{\"@type\":\"Organization\",\"@id\":\"https:\\\/\\\/emmaforme-happyculture.fr\\\/#organization\",\"name\":\"Emma&#039;Forme-Happy&#039;Culture\",\"url\":\"https:\\\/\\\/emmaforme-happyculture.fr\\\/\",\"logo\":{\"@type\":\"ImageObject\",\"inLanguage\":\"fr-FR\",\"@id\":\"https:\\\/\\\/emmaforme-happyculture.fr\\\/#\\\/schema\\\/logo\\\/image\\\/\",\"url\":\"https:\\\/\\\/emmaforme-happyculture.fr\\\/wp-content\\\/uploads\\\/2023\\\/03\\\/cropped-26-Copie.png\",\"contentUrl\":\"https:\\\/\\\/emmaforme-happyculture.fr\\\/wp-content\\\/uploads\\\/2023\\\/03\\\/cropped-26-Copie.png\",\"width\":1495,\"height\":285,\"caption\":\"Emma&#039;Forme-Happy&#039;Culture\"},\"image\":{\"@id\":\"https:\\\/\\\/emmaforme-happyculture.fr\\\/#\\\/schema\\\/logo\\\/image\\\/\"},\"sameAs\":[\"https:\\\/\\\/www.facebook.com\\\/EmMaFormeetHappyCulture\\\/\",\"https:\\\/\\\/www.linkedin.com\\\/in\\\/emmanuelle-francois-58774895\\\/\",\"https:\\\/\\\/www.instagram.com\\\/emma_forme_et_happyculture\\\/\",\"https:\\\/\\\/www.facebook.com\\\/Emmanuelle.FRANCOIS.Sophrologue\\\/\"]}]}<\/script>\n<!-- \/ Yoast SEO plugin. -->","yoast_head_json":{"title":"Conditions G\u00e9n\u00e9rales de Vente - Mentions l\u00e9gales - Politique de confidentialit\u00e9 - Emma&#039;Forme-Happy&#039;Culture","robots":{"index":"index","follow":"follow","max-snippet":"max-snippet:-1","max-image-preview":"max-image-preview:large","max-video-preview":"max-video-preview:-1"},"canonical":"https:\/\/emmaforme-happyculture.fr\/index.php\/politique-de-confidentialite\/","og_locale":"fr_FR","og_type":"article","og_title":"Conditions G\u00e9n\u00e9rales de Vente - Mentions l\u00e9gales - Politique de confidentialit\u00e9 - Emma&#039;Forme-Happy&#039;Culture","og_description":"\u00a0'entrepriseConditions G\u00e9n\u00e9rales de Vente G\u00e9n\u00e9ralit\u00e9s - Objet et champ d'application : Les pr\u00e9sentes conditions de vente d\u00e9finissent les relations contractuelles entre Emmanuelle FRANCOIS EI - Emma\u2019Forme et Happy\u2019Culture repr\u00e9sent\u00e9e par Mme Emmanuelle FRANCOIS, sophrologue certifi\u00e9e par l\u2019\u00c9cole de Sophrologie Cayc\u00e9dienne de Lyon, et les clients ainsi que les conditions applicables \u00e0 toutes les prestations de [&hellip;]","og_url":"https:\/\/emmaforme-happyculture.fr\/index.php\/politique-de-confidentialite\/","og_site_name":"Emma&#039;Forme-Happy&#039;Culture","article_publisher":"https:\/\/www.facebook.com\/EmMaFormeetHappyCulture\/","article_modified_time":"2025-12-18T15:33:48+00:00","twitter_card":"summary_large_image","twitter_misc":{"Dur\u00e9e de lecture estim\u00e9e":"17 minutes"},"schema":{"@context":"https:\/\/schema.org","@graph":[{"@type":"WebPage","@id":"https:\/\/emmaforme-happyculture.fr\/index.php\/politique-de-confidentialite\/","url":"https:\/\/emmaforme-happyculture.fr\/index.php\/politique-de-confidentialite\/","name":"Conditions G\u00e9n\u00e9rales de Vente - Mentions l\u00e9gales - Politique de confidentialit\u00e9 - Emma&#039;Forme-Happy&#039;Culture","isPartOf":{"@id":"https:\/\/emmaforme-happyculture.fr\/#website"},"datePublished":"2023-03-22T09:26:29+00:00","dateModified":"2025-12-18T15:33:48+00:00","breadcrumb":{"@id":"https:\/\/emmaforme-happyculture.fr\/index.php\/politique-de-confidentialite\/#breadcrumb"},"inLanguage":"fr-FR","potentialAction":[{"@type":"ReadAction","target":["https:\/\/emmaforme-happyculture.fr\/index.php\/politique-de-confidentialite\/"]}]},{"@type":"BreadcrumbList","@id":"https:\/\/emmaforme-happyculture.fr\/index.php\/politique-de-confidentialite\/#breadcrumb","itemListElement":[{"@type":"ListItem","position":1,"name":"Accueil","item":"https:\/\/emmaforme-happyculture.fr\/"},{"@type":"ListItem","position":2,"name":"Conditions G\u00e9n\u00e9rales de Vente &#8211; Mentions l\u00e9gales &#8211; Politique de confidentialit\u00e9"}]},{"@type":"WebSite","@id":"https:\/\/emmaforme-happyculture.fr\/#website","url":"https:\/\/emmaforme-happyculture.fr\/","name":"Emma&#039;Forme-Happy&#039;Culture","description":"Emmanuelle FRANCOIS - Sophrologue - Mieux-\u00eatre au quotidien","publisher":{"@id":"https:\/\/emmaforme-happyculture.fr\/#organization"},"potentialAction":[{"@type":"SearchAction","target":{"@type":"EntryPoint","urlTemplate":"https:\/\/emmaforme-happyculture.fr\/?s={search_term_string}"},"query-input":{"@type":"PropertyValueSpecification","valueRequired":true,"valueName":"search_term_string"}}],"inLanguage":"fr-FR"},{"@type":"Organization","@id":"https:\/\/emmaforme-happyculture.fr\/#organization","name":"Emma&#039;Forme-Happy&#039;Culture","url":"https:\/\/emmaforme-happyculture.fr\/","logo":{"@type":"ImageObject","inLanguage":"fr-FR","@id":"https:\/\/emmaforme-happyculture.fr\/#\/schema\/logo\/image\/","url":"https:\/\/emmaforme-happyculture.fr\/wp-content\/uploads\/2023\/03\/cropped-26-Copie.png","contentUrl":"https:\/\/emmaforme-happyculture.fr\/wp-content\/uploads\/2023\/03\/cropped-26-Copie.png","width":1495,"height":285,"caption":"Emma&#039;Forme-Happy&#039;Culture"},"image":{"@id":"https:\/\/emmaforme-happyculture.fr\/#\/schema\/logo\/image\/"},"sameAs":["https:\/\/www.facebook.com\/EmMaFormeetHappyCulture\/","https:\/\/www.linkedin.com\/in\/emmanuelle-francois-58774895\/","https:\/\/www.instagram.com\/emma_forme_et_happyculture\/","https:\/\/www.facebook.com\/Emmanuelle.FRANCOIS.Sophrologue\/"]}]}},"_links":{"self":[{"href":"https:\/\/emmaforme-happyculture.fr\/index.php\/wp-json\/wp\/v2\/pages\/3","targetHints":{"allow":["GET"]}}],"collection":[{"href":"https:\/\/emmaforme-happyculture.fr\/index.php\/wp-json\/wp\/v2\/pages"}],"about":[{"href":"https:\/\/emmaforme-happyculture.fr\/index.php\/wp-json\/wp\/v2\/types\/page"}],"author":[{"embeddable":true,"href":"https:\/\/emmaforme-happyculture.fr\/index.php\/wp-json\/wp\/v2\/users\/1"}],"replies":[{"embeddable":true,"href":"https:\/\/emmaforme-happyculture.fr\/index.php\/wp-json\/wp\/v2\/comments?post=3"}],"version-history":[{"count":90,"href":"https:\/\/emmaforme-happyculture.fr\/index.php\/wp-json\/wp\/v2\/pages\/3\/revisions"}],"predecessor-version":[{"id":2653,"href":"https:\/\/emmaforme-happyculture.fr\/index.php\/wp-json\/wp\/v2\/pages\/3\/revisions\/2653"}],"wp:attachment":[{"href":"https:\/\/emmaforme-happyculture.fr\/index.php\/wp-json\/wp\/v2\/media?parent=3"}],"curies":[{"name":"wp","href":"https:\/\/api.w.org\/{rel}","templated":true}]}}